{"id":100771,"date":"2021-11-12T15:03:42","date_gmt":"2021-11-12T15:03:42","guid":{"rendered":"https:\/\/www.flad.pt\/outsiders-american-independent-cinema\/"},"modified":"2023-02-06T21:49:21","modified_gmt":"2023-02-06T21:49:21","slug":"outsiders-azores-22","status":"publish","type":"page","link":"https:\/\/www.flad.pt\/en\/outsiders-azores-22\/","title":{"rendered":"Outsiders \u2013 American Independent Cinema Azores 22"},"content":{"rendered":"<div class=\"wpb-content-wrapper\"><p>[vc_row row_height_percent=&#8221;0&#8243; override_padding=&#8221;yes&#8221; h_padding=&#8221;2&#8243; top_padding=&#8221;2&#8243; bottom_padding=&#8221;2&#8243; back_color=&#8221;color-xsdn&#8221; overlay_alpha=&#8221;50&#8243; gutter_size=&#8221;0&#8243; column_width_percent=&#8221;100&#8243; shift_y=&#8221;0&#8243; z_index=&#8221;0&#8243; desktop_visibility=&#8221;yes&#8221; medium_visibility=&#8221;yes&#8221; mobile_visibility=&#8221;yes&#8221; css=&#8221;.vc_custom_1637234317240{margin-top: 0px !important;margin-bottom: 0px !important;border-top-width: 0px !important;border-right-width: 0px !important;border-bottom-width: 0px !important;border-left-width: 0px !important;padding-top: 0px !important;padding-right: 0px !important;padding-bottom: 0px !important;padding-left: 0px !important;}&#8221; el_class=&#8221;submenu-ciencia&#8221;][vc_column column_width_percent=&#8221;100&#8243; position_vertical=&#8221;middle&#8221; align_horizontal=&#8221;align_center&#8221; gutter_size=&#8221;3&#8243; overlay_alpha=&#8221;50&#8243; shift_x=&#8221;0&#8243; shift_y=&#8221;0&#8243; shift_y_down=&#8221;0&#8243; z_index=&#8221;0&#8243; medium_width=&#8221;0&#8243; mobile_width=&#8221;0&#8243; width=&#8221;1\/1&#8243;][vc_button button_color=&#8221;color-jevc&#8221; size=&#8221;btn-link&#8221; border_width=&#8221;0&#8243; el_class=&#8221;submenu-ciencia-btn&#8221; link=&#8221;url:%23programacao&#8221;]Schedule[\/vc_button][vc_button button_color=&#8221;color-jevc&#8221; size=&#8221;btn-link&#8221; border_width=&#8221;0&#8243; el_class=&#8221;submenu-ciencia-btn&#8221; link=&#8221;url:%23editorial&#8221;]Editorial[\/vc_button][vc_button button_color=&#8221;color-jevc&#8221; size=&#8221;btn-link&#8221; border_width=&#8221;0&#8243; el_class=&#8221;submenu-ciencia-btn&#8221; link=&#8221;url:%23filmes&#8221;]Movies[\/vc_button][vc_button button_color=&#8221;color-jevc&#8221; size=&#8221;btn-link&#8221; border_width=&#8221;0&#8243; el_class=&#8221;submenu-ciencia-btn&#8221; link=&#8221;url:%23informacoes-uteis&#8221;]Useful Information[\/vc_button][vc_button button_color=&#8221;color-jevc&#8221; size=&#8221;btn-link&#8221; border_width=&#8221;0&#8243; el_class=&#8221;submenu-ciencia-btn&#8221; link=&#8221;url:%23ficha-tecnica&#8221;]Exhibition Credits[\/vc_button][\/vc_column][\/vc_row][vc_row row_height_percent=&#8221;0&#8243; override_padding=&#8221;yes&#8221; h_padding=&#8221;2&#8243; top_padding=&#8221;5&#8243; bottom_padding=&#8221;5&#8243; back_color=&#8221;color-xsdn&#8221; overlay_alpha=&#8221;50&#8243; gutter_size=&#8221;3&#8243; column_width_percent=&#8221;100&#8243; shift_y=&#8221;0&#8243; z_index=&#8221;0&#8243; row_name=&#8221;intro&#8221;][vc_column column_width_percent=&#8221;100&#8243; gutter_size=&#8221;2&#8243; font_family=&#8221;font-596618&#8243; overlay_alpha=&#8221;50&#8243; shift_x=&#8221;0&#8243; shift_y=&#8221;0&#8243; shift_y_down=&#8221;0&#8243; z_index=&#8221;0&#8243; medium_width=&#8221;0&#8243; mobile_width=&#8221;0&#8243; width=&#8221;1\/1&#8243;][vc_row_inner row_inner_height_percent=&#8221;0&#8243; overlay_alpha=&#8221;50&#8243; gutter_size=&#8221;4&#8243; shift_y=&#8221;0&#8243; z_index=&#8221;0&#8243; limit_content=&#8221;&#8221;][vc_column_inner width=&#8221;1\/2&#8243;][vc_custom_heading text_font=&#8221;font-596618&#8243; text_space=&#8221;fontspace-111509&#8243; text_color=&#8221;color-757855&#8243;]Cinema Independente Americano[\/vc_custom_heading][\/vc_column_inner][vc_column_inner column_width_percent=&#8221;100&#8243; position_horizontal=&#8221;right&#8221; align_horizontal=&#8221;align_right&#8221; gutter_size=&#8221;3&#8243; overlay_alpha=&#8221;50&#8243; shift_x=&#8221;0&#8243; shift_y=&#8221;0&#8243; shift_y_down=&#8221;0&#8243; z_index=&#8221;0&#8243; medium_width=&#8221;0&#8243; mobile_width=&#8221;0&#8243; width=&#8221;1\/2&#8243;][vc_single_image media=&#8221;98742&#8243; media_width_use_pixel=&#8221;yes&#8221; alignment=&#8221;right&#8221; media_width_pixel=&#8221;200&#8243;][\/vc_column_inner][\/vc_row_inner][vc_empty_space empty_h=&#8221;2&#8243;][vc_column_text]<span class=\"font-596618\">FLAD\u2019s first edition of Outsiders \u2013 American Independent Cinema aims to highlight independent American films. A co-production between Cine-Clube da Ilha Terceira and FLAD, Outsiders features a selection of films by independent directors, produced in the USA between 2010 and 2019, some of which have won awards but have never been screened in Portugal before.<\/span><\/p>\n<p>The 11 films involve low-cost budgets, digital video recording, or improvised dialogues, offering a different look at the contemporary life of American young adults.<br \/>\n[\/vc_column_text][\/vc_column][\/vc_row][vc_row row_height_percent=&#8221;0&#8243; override_padding=&#8221;yes&#8221; h_padding=&#8221;2&#8243; top_padding=&#8221;5&#8243; bottom_padding=&#8221;5&#8243; back_color=&#8221;color-160507&#8243; overlay_alpha=&#8221;50&#8243; gutter_size=&#8221;3&#8243; column_width_percent=&#8221;100&#8243; shift_y=&#8221;0&#8243; z_index=&#8221;0&#8243; row_name=&#8221;programacao&#8221;][vc_column column_width_percent=&#8221;100&#8243; gutter_size=&#8221;2&#8243; overlay_alpha=&#8221;50&#8243; shift_x=&#8221;0&#8243; shift_y=&#8221;0&#8243; shift_y_down=&#8221;0&#8243; z_index=&#8221;0&#8243; medium_width=&#8221;0&#8243; mobile_width=&#8221;0&#8243; css_animation=&#8221;bottom-t-top&#8221; width=&#8221;1\/1&#8243;][vc_row_inner limit_content=&#8221;&#8221;][vc_column_inner column_width_use_pixel=&#8221;yes&#8221; align_horizontal=&#8221;align_center&#8221; gutter_size=&#8221;3&#8243; overlay_alpha=&#8221;50&#8243; shift_x=&#8221;0&#8243; shift_y=&#8221;0&#8243; shift_y_down=&#8221;0&#8243; z_index=&#8221;0&#8243; medium_width=&#8221;0&#8243; mobile_width=&#8221;0&#8243; width=&#8221;1\/1&#8243; column_width_pixel=&#8221;700&#8243;][vc_custom_heading text_font=&#8221;font-596618&#8243; text_space=&#8221;fontspace-111509&#8243; text_color=&#8221;color-757855&#8243; sub_lead=&#8221;yes&#8221;]Schedule[\/vc_custom_heading][\/vc_column_inner][\/vc_row_inner][vc_empty_space empty_h=&#8221;2&#8243;][vc_custom_heading text_font=&#8221;font-596618&#8243; text_space=&#8221;fontspace-111509&#8243; text_color=&#8221;color-757855&#8243; sub_lead=&#8221;yes&#8221;]<\/p>\n<p style=\"text-align: left;\"><span class=\"font-596618\">Praia da Vito\u0301ria \u2014 <\/span><span class=\"font-596618\">Audit\u00f3rio do Ramo Grande<\/span><\/p>\n<p>[\/vc_custom_heading][vc_separator sep_color=&#8221;color-rgdb&#8221; type=&#8221;dotted&#8221; el_width=&#8221;100%&#8221; el_height=&#8221;2px&#8221;][vc_row_inner row_inner_height_percent=&#8221;0&#8243; overlay_alpha=&#8221;50&#8243; equal_height=&#8221;yes&#8221; gutter_size=&#8221;2&#8243; shift_y=&#8221;0&#8243; z_index=&#8221;0&#8243; limit_content=&#8221;&#8221;][vc_column_inner column_width_percent=&#8221;100&#8243; position_horizontal=&#8221;left&#8221; position_vertical=&#8221;middle&#8221; gutter_size=&#8221;2&#8243; overlay_alpha=&#8221;50&#8243; shift_x=&#8221;0&#8243; shift_y=&#8221;0&#8243; shift_y_down=&#8221;0&#8243; z_index=&#8221;0&#8243; align_medium=&#8221;align_left_tablet&#8221; medium_width=&#8221;2&#8243; align_mobile=&#8221;align_left_mobile&#8221; mobile_width=&#8221;4&#8243; width=&#8221;1\/4&#8243;][vc_custom_heading heading_semantic=&#8221;h6&#8243; text_font=&#8221;font-596618&#8243; text_size=&#8221;h6&#8243; text_space=&#8221;fontspace-781688&#8243; text_color=&#8221;color-142668&#8243;]Opening session<br \/>\n31\/03 Thu[\/vc_custom_heading][\/vc_column_inner][vc_column_inner column_width_percent=&#8221;100&#8243; position_horizontal=&#8221;left&#8221; position_vertical=&#8221;middle&#8221; gutter_size=&#8221;3&#8243; overlay_alpha=&#8221;50&#8243; shift_x=&#8221;0&#8243; shift_y=&#8221;0&#8243; shift_y_down=&#8221;0&#8243; z_index=&#8221;0&#8243; align_medium=&#8221;align_left_tablet&#8221; medium_width=&#8221;1&#8243; align_mobile=&#8221;align_right_mobile&#8221; mobile_width=&#8221;4&#8243; width=&#8221;1\/6&#8243;][vc_custom_heading heading_semantic=&#8221;h6&#8243; text_font=&#8221;font-596618&#8243; text_size=&#8221;h6&#8243; text_space=&#8221;fontspace-781688&#8243; text_color=&#8221;color-334370&#8243;]21h00[\/vc_custom_heading][\/vc_column_inner][vc_column_inner column_width_percent=&#8221;100&#8243; position_horizontal=&#8221;left&#8221; position_vertical=&#8221;middle&#8221; gutter_size=&#8221;3&#8243; overlay_alpha=&#8221;50&#8243; shift_x=&#8221;0&#8243; shift_y=&#8221;0&#8243; shift_y_down=&#8221;0&#8243; z_index=&#8221;0&#8243; align_medium=&#8221;align_left_tablet&#8221; medium_width=&#8221;3&#8243; align_mobile=&#8221;align_left_mobile&#8221; mobile_width=&#8221;7&#8243; width=&#8221;2\/6&#8243;][vc_custom_heading heading_semantic=&#8221;h6&#8243; text_font=&#8221;font-596618&#8243; text_size=&#8221;h5&#8243; text_space=&#8221;fontspace-781688&#8243; text_color=&#8221;color-757855&#8243;]<a href=\"https:\/\/www.flad.pt\/en\/tiny-furniture\">TINY FURNITURE<\/a>[\/vc_custom_heading][\/vc_column_inner][vc_column_inner column_width_percent=&#8221;100&#8243; position_horizontal=&#8221;left&#8221; position_vertical=&#8221;middle&#8221; gutter_size=&#8221;3&#8243; overlay_alpha=&#8221;50&#8243; shift_x=&#8221;0&#8243; shift_y=&#8221;0&#8243; shift_y_down=&#8221;0&#8243; z_index=&#8221;0&#8243; align_medium=&#8221;align_left_tablet&#8221; medium_width=&#8221;2&#8243; align_mobile=&#8221;align_left_mobile&#8221; mobile_width=&#8221;7&#8243; width=&#8221;1\/4&#8243;][vc_custom_heading heading_semantic=&#8221;h6&#8243; text_font=&#8221;font-596618&#8243; text_size=&#8221;h6&#8243; text_space=&#8221;fontspace-781688&#8243; text_color=&#8221;color-757855&#8243;]Lena Dunham, 2010, 98&#8242;[\/vc_custom_heading][\/vc_column_inner][\/vc_row_inner][vc_separator sep_color=&#8221;color-rgdb&#8221; type=&#8221;dotted&#8221; el_width=&#8221;100%&#8221; el_height=&#8221;2px&#8221;][vc_row_inner row_inner_height_percent=&#8221;0&#8243; overlay_alpha=&#8221;50&#8243; equal_height=&#8221;yes&#8221; gutter_size=&#8221;2&#8243; shift_y=&#8221;0&#8243; z_index=&#8221;0&#8243; limit_content=&#8221;&#8221;][vc_column_inner column_width_percent=&#8221;100&#8243; position_horizontal=&#8221;left&#8221; position_vertical=&#8221;middle&#8221; gutter_size=&#8221;2&#8243; overlay_alpha=&#8221;50&#8243; shift_x=&#8221;0&#8243; shift_y=&#8221;0&#8243; shift_y_down=&#8221;0&#8243; z_index=&#8221;0&#8243; align_medium=&#8221;align_left_tablet&#8221; medium_width=&#8221;2&#8243; align_mobile=&#8221;align_left_mobile&#8221; mobile_width=&#8221;4&#8243; width=&#8221;1\/4&#8243;][vc_custom_heading heading_semantic=&#8221;h6&#8243; text_font=&#8221;font-596618&#8243; text_size=&#8221;h6&#8243; text_space=&#8221;fontspace-781688&#8243; text_color=&#8221;color-142668&#8243;]01\/04 Fri[\/vc_custom_heading][\/vc_column_inner][vc_column_inner column_width_percent=&#8221;100&#8243; position_horizontal=&#8221;left&#8221; position_vertical=&#8221;middle&#8221; gutter_size=&#8221;3&#8243; overlay_alpha=&#8221;50&#8243; shift_x=&#8221;0&#8243; shift_y=&#8221;0&#8243; shift_y_down=&#8221;0&#8243; z_index=&#8221;0&#8243; align_medium=&#8221;align_left_tablet&#8221; medium_width=&#8221;1&#8243; align_mobile=&#8221;align_right_mobile&#8221; mobile_width=&#8221;4&#8243; width=&#8221;1\/6&#8243;][vc_custom_heading heading_semantic=&#8221;h6&#8243; text_font=&#8221;font-596618&#8243; text_size=&#8221;h6&#8243; text_space=&#8221;fontspace-781688&#8243; text_color=&#8221;color-334370&#8243;]21h00[\/vc_custom_heading][\/vc_column_inner][vc_column_inner column_width_percent=&#8221;100&#8243; position_horizontal=&#8221;left&#8221; position_vertical=&#8221;middle&#8221; gutter_size=&#8221;3&#8243; overlay_alpha=&#8221;50&#8243; shift_x=&#8221;0&#8243; shift_y=&#8221;0&#8243; shift_y_down=&#8221;0&#8243; z_index=&#8221;0&#8243; align_medium=&#8221;align_left_tablet&#8221; medium_width=&#8221;3&#8243; align_mobile=&#8221;align_left_mobile&#8221; mobile_width=&#8221;7&#8243; width=&#8221;2\/6&#8243;][vc_custom_heading heading_semantic=&#8221;h6&#8243; text_font=&#8221;font-596618&#8243; text_size=&#8221;h5&#8243; text_transform=&#8221;uppercase&#8221; text_color=&#8221;color-757855&#8243;]<a href=\"&quot;https:\/\/www.flad.pt\/en\/actress\/actress\">Actress<\/a>[\/vc_custom_heading][\/vc_column_inner][vc_column_inner column_width_percent=&#8221;100&#8243; position_horizontal=&#8221;left&#8221; position_vertical=&#8221;middle&#8221; gutter_size=&#8221;3&#8243; overlay_alpha=&#8221;50&#8243; shift_x=&#8221;0&#8243; shift_y=&#8221;0&#8243; shift_y_down=&#8221;0&#8243; z_index=&#8221;0&#8243; align_medium=&#8221;align_left_tablet&#8221; medium_width=&#8221;2&#8243; align_mobile=&#8221;align_left_mobile&#8221; mobile_width=&#8221;7&#8243; width=&#8221;1\/4&#8243;][vc_custom_heading heading_semantic=&#8221;h6&#8243; text_font=&#8221;font-596618&#8243; text_size=&#8221;h6&#8243; text_space=&#8221;fontspace-781688&#8243; text_color=&#8221;color-757855&#8243;]Robert Greene, 2014, 86&#8242;[\/vc_custom_heading][\/vc_column_inner][\/vc_row_inner][vc_separator sep_color=&#8221;color-rgdb&#8221; type=&#8221;dotted&#8221; el_width=&#8221;100%&#8221; el_height=&#8221;2px&#8221;][vc_row_inner row_inner_height_percent=&#8221;0&#8243; overlay_alpha=&#8221;50&#8243; equal_height=&#8221;yes&#8221; gutter_size=&#8221;2&#8243; shift_y=&#8221;0&#8243; z_index=&#8221;0&#8243; limit_content=&#8221;&#8221;][vc_column_inner column_width_percent=&#8221;100&#8243; position_horizontal=&#8221;left&#8221; position_vertical=&#8221;middle&#8221; gutter_size=&#8221;2&#8243; overlay_alpha=&#8221;50&#8243; shift_x=&#8221;0&#8243; shift_y=&#8221;0&#8243; shift_y_down=&#8221;0&#8243; z_index=&#8221;0&#8243; align_medium=&#8221;align_left_tablet&#8221; medium_width=&#8221;2&#8243; align_mobile=&#8221;align_left_mobile&#8221; mobile_width=&#8221;4&#8243; width=&#8221;1\/4&#8243;][vc_custom_heading heading_semantic=&#8221;h6&#8243; text_font=&#8221;font-596618&#8243; text_size=&#8221;h6&#8243; text_color=&#8221;color-142668&#8243;]02\/04 Sat[\/vc_custom_heading][\/vc_column_inner][vc_column_inner column_width_percent=&#8221;100&#8243; position_horizontal=&#8221;left&#8221; position_vertical=&#8221;middle&#8221; gutter_size=&#8221;3&#8243; overlay_alpha=&#8221;50&#8243; shift_x=&#8221;0&#8243; shift_y=&#8221;0&#8243; shift_y_down=&#8221;0&#8243; z_index=&#8221;0&#8243; align_medium=&#8221;align_left_tablet&#8221; medium_width=&#8221;1&#8243; align_mobile=&#8221;align_right_mobile&#8221; mobile_width=&#8221;4&#8243; width=&#8221;1\/6&#8243;][vc_custom_heading heading_semantic=&#8221;h6&#8243; text_font=&#8221;font-596618&#8243; text_size=&#8221;h6&#8243; text_space=&#8221;fontspace-781688&#8243; text_color=&#8221;color-334370&#8243;]18h30[\/vc_custom_heading][\/vc_column_inner][vc_column_inner column_width_percent=&#8221;100&#8243; position_vertical=&#8221;middle&#8221; gutter_size=&#8221;3&#8243; overlay_alpha=&#8221;50&#8243; shift_x=&#8221;0&#8243; shift_y=&#8221;0&#8243; shift_y_down=&#8221;0&#8243; z_index=&#8221;0&#8243; align_medium=&#8221;align_left_tablet&#8221; medium_width=&#8221;3&#8243; align_mobile=&#8221;align_left_mobile&#8221; mobile_width=&#8221;7&#8243; width=&#8221;2\/6&#8243;][vc_custom_heading heading_semantic=&#8221;h6&#8243; text_font=&#8221;font-596618&#8243; text_size=&#8221;h5&#8243; text_transform=&#8221;uppercase&#8221; text_space=&#8221;fontspace-781688&#8243; text_color=&#8221;color-757855&#8243;]<a href=\"https:\/\/www.flad.pt\/en\/outsiders\/audrey-the-trainwreck\/audrey-the-trainwreck\/\">Audrey the Trainwreck<\/a>[\/vc_custom_heading][\/vc_column_inner][vc_column_inner column_width_percent=&#8221;100&#8243; position_horizontal=&#8221;left&#8221; position_vertical=&#8221;middle&#8221; gutter_size=&#8221;3&#8243; overlay_alpha=&#8221;50&#8243; shift_x=&#8221;0&#8243; shift_y=&#8221;0&#8243; shift_y_down=&#8221;0&#8243; z_index=&#8221;0&#8243; align_medium=&#8221;align_left_tablet&#8221; medium_width=&#8221;2&#8243; align_mobile=&#8221;align_left_mobile&#8221; mobile_width=&#8221;7&#8243; width=&#8221;1\/4&#8243;][vc_custom_heading heading_semantic=&#8221;h6&#8243; text_font=&#8221;font-596618&#8243; text_size=&#8221;h6&#8243; text_space=&#8221;fontspace-781688&#8243; text_color=&#8221;color-757855&#8243;]Frank V. Ross, 2010, 85&#8242;[\/vc_custom_heading][\/vc_column_inner][\/vc_row_inner][vc_row_inner row_inner_height_percent=&#8221;0&#8243; overlay_alpha=&#8221;50&#8243; equal_height=&#8221;yes&#8221; gutter_size=&#8221;2&#8243; shift_y=&#8221;0&#8243; z_index=&#8221;0&#8243; limit_content=&#8221;&#8221;][vc_column_inner column_width_percent=&#8221;100&#8243; position_horizontal=&#8221;left&#8221; position_vertical=&#8221;middle&#8221; gutter_size=&#8221;2&#8243; overlay_alpha=&#8221;50&#8243; shift_x=&#8221;0&#8243; shift_y=&#8221;0&#8243; shift_y_down=&#8221;0&#8243; z_index=&#8221;0&#8243; align_medium=&#8221;align_left_tablet&#8221; medium_width=&#8221;2&#8243; align_mobile=&#8221;align_left_mobile&#8221; mobile_width=&#8221;4&#8243; width=&#8221;1\/4&#8243;][vc_custom_heading heading_semantic=&#8221;h6&#8243; text_font=&#8221;font-596618&#8243; text_size=&#8221;h6&#8243; text_space=&#8221;fontspace-781688&#8243; text_color=&#8221;color-142668&#8243;]02\/04 Sat[\/vc_custom_heading][\/vc_column_inner][vc_column_inner column_width_percent=&#8221;100&#8243; position_horizontal=&#8221;left&#8221; position_vertical=&#8221;middle&#8221; gutter_size=&#8221;3&#8243; overlay_alpha=&#8221;50&#8243; shift_x=&#8221;0&#8243; shift_y=&#8221;0&#8243; shift_y_down=&#8221;0&#8243; z_index=&#8221;0&#8243; align_medium=&#8221;align_left_tablet&#8221; medium_width=&#8221;1&#8243; align_mobile=&#8221;align_right_mobile&#8221; mobile_width=&#8221;4&#8243; width=&#8221;1\/6&#8243;][vc_custom_heading heading_semantic=&#8221;h6&#8243; text_font=&#8221;font-596618&#8243; text_size=&#8221;h6&#8243; text_space=&#8221;fontspace-781688&#8243; text_color=&#8221;color-334370&#8243;]21h00[\/vc_custom_heading][\/vc_column_inner][vc_column_inner column_width_percent=&#8221;100&#8243; position_horizontal=&#8221;left&#8221; position_vertical=&#8221;middle&#8221; gutter_size=&#8221;3&#8243; overlay_alpha=&#8221;50&#8243; shift_x=&#8221;0&#8243; shift_y=&#8221;0&#8243; shift_y_down=&#8221;0&#8243; z_index=&#8221;0&#8243; align_medium=&#8221;align_left_tablet&#8221; medium_width=&#8221;3&#8243; align_mobile=&#8221;align_left_mobile&#8221; mobile_width=&#8221;7&#8243; width=&#8221;2\/6&#8243;][vc_custom_heading heading_semantic=&#8221;h6&#8243; text_font=&#8221;font-596618&#8243; text_size=&#8221;h5&#8243; text_transform=&#8221;uppercase&#8221; text_space=&#8221;fontspace-781688&#8243; text_color=&#8221;color-757855&#8243;]<a href=\"https:\/\/www.flad.pt\/en\/outsiders\/the-mend\/the-mend\/\">The Mend<\/a>[\/vc_custom_heading][\/vc_column_inner][vc_column_inner column_width_percent=&#8221;100&#8243; position_horizontal=&#8221;left&#8221; position_vertical=&#8221;middle&#8221; gutter_size=&#8221;3&#8243; overlay_alpha=&#8221;50&#8243; shift_x=&#8221;0&#8243; shift_y=&#8221;0&#8243; shift_y_down=&#8221;0&#8243; z_index=&#8221;0&#8243; align_medium=&#8221;align_left_tablet&#8221; medium_width=&#8221;2&#8243; align_mobile=&#8221;align_left_mobile&#8221; mobile_width=&#8221;7&#8243; width=&#8221;1\/4&#8243;][vc_custom_heading heading_semantic=&#8221;h6&#8243; text_font=&#8221;font-596618&#8243; text_size=&#8221;h6&#8243; text_space=&#8221;fontspace-781688&#8243; text_color=&#8221;color-757855&#8243;]John Magary, 2014, 111&#8242;[\/vc_custom_heading][\/vc_column_inner][\/vc_row_inner][vc_separator sep_color=&#8221;color-rgdb&#8221; type=&#8221;dotted&#8221; el_width=&#8221;100%&#8221; el_height=&#8221;2px&#8221;][vc_row_inner row_inner_height_percent=&#8221;0&#8243; overlay_alpha=&#8221;50&#8243; equal_height=&#8221;yes&#8221; gutter_size=&#8221;2&#8243; shift_y=&#8221;0&#8243; z_index=&#8221;0&#8243; limit_content=&#8221;&#8221;][vc_column_inner column_width_percent=&#8221;100&#8243; position_horizontal=&#8221;left&#8221; position_vertical=&#8221;middle&#8221; gutter_size=&#8221;2&#8243; overlay_alpha=&#8221;50&#8243; shift_x=&#8221;0&#8243; shift_y=&#8221;0&#8243; shift_y_down=&#8221;0&#8243; z_index=&#8221;0&#8243; align_medium=&#8221;align_left_tablet&#8221; medium_width=&#8221;2&#8243; align_mobile=&#8221;align_left_mobile&#8221; mobile_width=&#8221;4&#8243; width=&#8221;1\/4&#8243;][vc_custom_heading heading_semantic=&#8221;h6&#8243; text_font=&#8221;font-596618&#8243; text_size=&#8221;h6&#8243; text_space=&#8221;fontspace-781688&#8243; text_color=&#8221;color-142668&#8243;]03\/04 Sun[\/vc_custom_heading][\/vc_column_inner][vc_column_inner column_width_percent=&#8221;100&#8243; position_horizontal=&#8221;left&#8221; position_vertical=&#8221;middle&#8221; gutter_size=&#8221;3&#8243; overlay_alpha=&#8221;50&#8243; shift_x=&#8221;0&#8243; shift_y=&#8221;0&#8243; shift_y_down=&#8221;0&#8243; z_index=&#8221;0&#8243; align_medium=&#8221;align_left_tablet&#8221; medium_width=&#8221;1&#8243; align_mobile=&#8221;align_right_mobile&#8221; mobile_width=&#8221;4&#8243; width=&#8221;1\/6&#8243;][vc_custom_heading heading_semantic=&#8221;h6&#8243; text_font=&#8221;font-596618&#8243; text_size=&#8221;h6&#8243; text_space=&#8221;fontspace-781688&#8243; text_color=&#8221;color-334370&#8243;]18h30[\/vc_custom_heading][\/vc_column_inner][vc_column_inner column_width_percent=&#8221;100&#8243; position_horizontal=&#8221;left&#8221; position_vertical=&#8221;middle&#8221; gutter_size=&#8221;3&#8243; overlay_alpha=&#8221;50&#8243; shift_x=&#8221;0&#8243; shift_y=&#8221;0&#8243; shift_y_down=&#8221;0&#8243; z_index=&#8221;0&#8243; align_medium=&#8221;align_left_tablet&#8221; medium_width=&#8221;3&#8243; align_mobile=&#8221;align_left_mobile&#8221; mobile_width=&#8221;7&#8243; width=&#8221;2\/6&#8243;][vc_custom_heading heading_semantic=&#8221;h6&#8243; text_font=&#8221;font-596618&#8243; text_size=&#8221;h5&#8243; text_transform=&#8221;uppercase&#8221; text_space=&#8221;fontspace-781688&#8243; text_color=&#8221;color-757855&#8243;]<a href=\"https:\/\/www.flad.pt\/en\/outsiders\/in-the-family\/in-the-family\/\">In The Family<\/a>[\/vc_custom_heading][\/vc_column_inner][vc_column_inner column_width_percent=&#8221;100&#8243; position_horizontal=&#8221;left&#8221; position_vertical=&#8221;middle&#8221; gutter_size=&#8221;3&#8243; overlay_alpha=&#8221;50&#8243; shift_x=&#8221;0&#8243; shift_y=&#8221;0&#8243; shift_y_down=&#8221;0&#8243; z_index=&#8221;0&#8243; align_medium=&#8221;align_left_tablet&#8221; medium_width=&#8221;2&#8243; align_mobile=&#8221;align_left_mobile&#8221; mobile_width=&#8221;7&#8243; width=&#8221;1\/4&#8243;][vc_custom_heading heading_semantic=&#8221;h6&#8243; text_font=&#8221;font-596618&#8243; text_size=&#8221;h6&#8243; text_space=&#8221;fontspace-781688&#8243; text_color=&#8221;color-757855&#8243;]Patrick Wang, 2011, 169&#8242;[\/vc_custom_heading][\/vc_column_inner][\/vc_row_inner][vc_separator sep_color=&#8221;color-rgdb&#8221; type=&#8221;dotted&#8221; el_width=&#8221;100%&#8221; el_height=&#8221;2px&#8221;][vc_empty_space empty_h=&#8221;2&#8243;][vc_custom_heading text_font=&#8221;font-596618&#8243; text_space=&#8221;fontspace-111509&#8243; text_color=&#8221;color-757855&#8243; sub_lead=&#8221;yes&#8221;]<\/p>\n<p style=\"text-align: left;\"><span class=\"font-596618\">Angra do Hero\u00edsmo \u2014 <\/span><span class=\"font-596618\">Centro Cultural e de Congressos<\/span><\/p>\n<p>[\/vc_custom_heading][vc_separator sep_color=&#8221;color-rgdb&#8221; type=&#8221;dotted&#8221; el_width=&#8221;100%&#8221; el_height=&#8221;2px&#8221;][vc_row_inner row_inner_height_percent=&#8221;0&#8243; overlay_alpha=&#8221;50&#8243; equal_height=&#8221;yes&#8221; gutter_size=&#8221;2&#8243; shift_y=&#8221;0&#8243; z_index=&#8221;0&#8243; limit_content=&#8221;&#8221;][vc_column_inner column_width_percent=&#8221;100&#8243; position_horizontal=&#8221;left&#8221; position_vertical=&#8221;middle&#8221; gutter_size=&#8221;2&#8243; overlay_alpha=&#8221;50&#8243; shift_x=&#8221;0&#8243; shift_y=&#8221;0&#8243; shift_y_down=&#8221;0&#8243; z_index=&#8221;0&#8243; align_medium=&#8221;align_left_tablet&#8221; medium_width=&#8221;2&#8243; align_mobile=&#8221;align_left_mobile&#8221; mobile_width=&#8221;4&#8243; width=&#8221;1\/4&#8243;][vc_custom_heading heading_semantic=&#8221;h6&#8243; text_font=&#8221;font-596618&#8243; text_size=&#8221;h6&#8243; text_space=&#8221;fontspace-781688&#8243; text_color=&#8221;color-142668&#8243;]Opening session<br \/>\n07\/04 Thu[\/vc_custom_heading][\/vc_column_inner][vc_column_inner column_width_percent=&#8221;100&#8243; position_horizontal=&#8221;left&#8221; position_vertical=&#8221;middle&#8221; gutter_size=&#8221;3&#8243; overlay_alpha=&#8221;50&#8243; shift_x=&#8221;0&#8243; shift_y=&#8221;0&#8243; shift_y_down=&#8221;0&#8243; z_index=&#8221;0&#8243; align_medium=&#8221;align_left_tablet&#8221; medium_width=&#8221;1&#8243; align_mobile=&#8221;align_right_mobile&#8221; mobile_width=&#8221;4&#8243; width=&#8221;1\/6&#8243;][vc_custom_heading heading_semantic=&#8221;h6&#8243; text_font=&#8221;font-596618&#8243; text_size=&#8221;h6&#8243; text_space=&#8221;fontspace-781688&#8243; text_color=&#8221;color-334370&#8243;]21h00[\/vc_custom_heading][\/vc_column_inner][vc_column_inner column_width_percent=&#8221;100&#8243; position_horizontal=&#8221;left&#8221; position_vertical=&#8221;middle&#8221; gutter_size=&#8221;3&#8243; overlay_alpha=&#8221;50&#8243; shift_x=&#8221;0&#8243; shift_y=&#8221;0&#8243; shift_y_down=&#8221;0&#8243; z_index=&#8221;0&#8243; align_medium=&#8221;align_left_tablet&#8221; medium_width=&#8221;3&#8243; align_mobile=&#8221;align_left_mobile&#8221; mobile_width=&#8221;7&#8243; width=&#8221;2\/6&#8243;][vc_custom_heading heading_semantic=&#8221;h6&#8243; text_font=&#8221;font-596618&#8243; text_size=&#8221;h5&#8243; text_transform=&#8221;uppercase&#8221; text_space=&#8221;fontspace-781688&#8243; text_color=&#8221;color-757855&#8243;]<a href=\"https:\/\/www.flad.pt\/en\/outsiders\/the-rider\/the-rider\/\">The Rider<\/a>[\/vc_custom_heading][\/vc_column_inner][vc_column_inner column_width_percent=&#8221;100&#8243; position_horizontal=&#8221;left&#8221; position_vertical=&#8221;middle&#8221; gutter_size=&#8221;3&#8243; overlay_alpha=&#8221;50&#8243; shift_x=&#8221;0&#8243; shift_y=&#8221;0&#8243; shift_y_down=&#8221;0&#8243; z_index=&#8221;0&#8243; align_medium=&#8221;align_left_tablet&#8221; medium_width=&#8221;2&#8243; align_mobile=&#8221;align_left_mobile&#8221; mobile_width=&#8221;7&#8243; width=&#8221;1\/4&#8243;][vc_custom_heading heading_semantic=&#8221;h6&#8243; text_font=&#8221;font-596618&#8243; text_size=&#8221;h6&#8243; text_space=&#8221;fontspace-781688&#8243; text_color=&#8221;color-757855&#8243;]Chloe Zhao, 2017, 104&#8242;[\/vc_custom_heading][\/vc_column_inner][\/vc_row_inner][vc_separator sep_color=&#8221;color-rgdb&#8221; type=&#8221;dotted&#8221; el_width=&#8221;100%&#8221; el_height=&#8221;2px&#8221;][vc_row_inner row_inner_height_percent=&#8221;0&#8243; overlay_alpha=&#8221;50&#8243; equal_height=&#8221;yes&#8221; gutter_size=&#8221;2&#8243; shift_y=&#8221;0&#8243; z_index=&#8221;0&#8243; limit_content=&#8221;&#8221;][vc_column_inner column_width_percent=&#8221;100&#8243; position_horizontal=&#8221;left&#8221; position_vertical=&#8221;middle&#8221; gutter_size=&#8221;2&#8243; overlay_alpha=&#8221;50&#8243; shift_x=&#8221;0&#8243; shift_y=&#8221;0&#8243; shift_y_down=&#8221;0&#8243; z_index=&#8221;0&#8243; medium_width=&#8221;2&#8243; align_mobile=&#8221;align_left_mobile&#8221; mobile_width=&#8221;4&#8243; width=&#8221;1\/4&#8243;][vc_custom_heading heading_semantic=&#8221;h6&#8243; text_font=&#8221;font-596618&#8243; text_size=&#8221;h6&#8243; text_space=&#8221;fontspace-781688&#8243; text_color=&#8221;color-142668&#8243;]08\/04 Fri[\/vc_custom_heading][\/vc_column_inner][vc_column_inner column_width_percent=&#8221;100&#8243; position_horizontal=&#8221;left&#8221; position_vertical=&#8221;middle&#8221; gutter_size=&#8221;3&#8243; overlay_alpha=&#8221;50&#8243; shift_x=&#8221;0&#8243; shift_y=&#8221;0&#8243; shift_y_down=&#8221;0&#8243; z_index=&#8221;0&#8243; medium_width=&#8221;1&#8243; align_mobile=&#8221;align_right_mobile&#8221; mobile_width=&#8221;4&#8243; width=&#8221;1\/6&#8243;][vc_custom_heading heading_semantic=&#8221;h6&#8243; text_font=&#8221;font-596618&#8243; text_size=&#8221;h6&#8243; text_space=&#8221;fontspace-781688&#8243; text_color=&#8221;color-334370&#8243;]21h00[\/vc_custom_heading][\/vc_column_inner][vc_column_inner column_width_percent=&#8221;100&#8243; position_horizontal=&#8221;left&#8221; position_vertical=&#8221;middle&#8221; gutter_size=&#8221;3&#8243; overlay_alpha=&#8221;50&#8243; shift_x=&#8221;0&#8243; shift_y=&#8221;0&#8243; shift_y_down=&#8221;0&#8243; z_index=&#8221;0&#8243; align_medium=&#8221;align_left_tablet&#8221; medium_width=&#8221;3&#8243; align_mobile=&#8221;align_left_mobile&#8221; mobile_width=&#8221;7&#8243; width=&#8221;2\/6&#8243;][vc_custom_heading heading_semantic=&#8221;h6&#8243; text_font=&#8221;font-596618&#8243; text_size=&#8221;h5&#8243; text_transform=&#8221;uppercase&#8221; text_space=&#8221;fontspace-781688&#8243; text_color=&#8221;color-757855&#8243;]<a href=\"https:\/\/www.flad.pt\/en\/outsiders\/it-felt-like-love\/it-felt-like-love\/\">It Felt Like Love<\/a>[\/vc_custom_heading][\/vc_column_inner][vc_column_inner column_width_percent=&#8221;100&#8243; position_horizontal=&#8221;left&#8221; position_vertical=&#8221;middle&#8221; gutter_size=&#8221;3&#8243; overlay_alpha=&#8221;50&#8243; shift_x=&#8221;0&#8243; shift_y=&#8221;0&#8243; shift_y_down=&#8221;0&#8243; z_index=&#8221;0&#8243; medium_width=&#8221;2&#8243; align_mobile=&#8221;align_left_mobile&#8221; mobile_width=&#8221;7&#8243; width=&#8221;1\/4&#8243;][vc_custom_heading heading_semantic=&#8221;h6&#8243; text_font=&#8221;font-596618&#8243; text_size=&#8221;h6&#8243; text_space=&#8221;fontspace-781688&#8243; text_color=&#8221;color-757855&#8243;]Eliza Hittman, 2013, 82\u2019[\/vc_custom_heading][\/vc_column_inner][\/vc_row_inner][vc_separator sep_color=&#8221;color-rgdb&#8221; type=&#8221;dotted&#8221; el_width=&#8221;100%&#8221; el_height=&#8221;2px&#8221;][vc_row_inner row_inner_height_percent=&#8221;0&#8243; overlay_alpha=&#8221;50&#8243; equal_height=&#8221;yes&#8221; gutter_size=&#8221;2&#8243; shift_y=&#8221;0&#8243; z_index=&#8221;0&#8243; limit_content=&#8221;&#8221;][vc_column_inner column_width_percent=&#8221;100&#8243; position_horizontal=&#8221;left&#8221; position_vertical=&#8221;middle&#8221; gutter_size=&#8221;2&#8243; overlay_alpha=&#8221;50&#8243; shift_x=&#8221;0&#8243; shift_y=&#8221;0&#8243; shift_y_down=&#8221;0&#8243; z_index=&#8221;0&#8243; align_medium=&#8221;align_left_tablet&#8221; medium_width=&#8221;2&#8243; align_mobile=&#8221;align_left_mobile&#8221; mobile_width=&#8221;4&#8243; width=&#8221;1\/4&#8243;][vc_custom_heading heading_semantic=&#8221;h6&#8243; text_font=&#8221;font-596618&#8243; text_size=&#8221;h6&#8243; text_space=&#8221;fontspace-781688&#8243; text_color=&#8221;color-142668&#8243;]09\/04 Sat[\/vc_custom_heading][\/vc_column_inner][vc_column_inner column_width_percent=&#8221;100&#8243; position_horizontal=&#8221;left&#8221; position_vertical=&#8221;middle&#8221; gutter_size=&#8221;3&#8243; overlay_alpha=&#8221;50&#8243; shift_x=&#8221;0&#8243; shift_y=&#8221;0&#8243; shift_y_down=&#8221;0&#8243; z_index=&#8221;0&#8243; align_medium=&#8221;align_left_tablet&#8221; medium_width=&#8221;1&#8243; align_mobile=&#8221;align_right_mobile&#8221; mobile_width=&#8221;4&#8243; width=&#8221;1\/6&#8243;][vc_custom_heading heading_semantic=&#8221;h6&#8243; text_font=&#8221;font-596618&#8243; text_size=&#8221;h6&#8243; text_space=&#8221;fontspace-781688&#8243; text_color=&#8221;color-334370&#8243;]18h30[\/vc_custom_heading][\/vc_column_inner][vc_column_inner column_width_percent=&#8221;100&#8243; position_horizontal=&#8221;left&#8221; position_vertical=&#8221;middle&#8221; gutter_size=&#8221;3&#8243; overlay_alpha=&#8221;50&#8243; shift_x=&#8221;0&#8243; shift_y=&#8221;0&#8243; shift_y_down=&#8221;0&#8243; z_index=&#8221;0&#8243; align_medium=&#8221;align_left_tablet&#8221; medium_width=&#8221;3&#8243; align_mobile=&#8221;align_left_mobile&#8221; mobile_width=&#8221;7&#8243; width=&#8221;2\/6&#8243;][vc_custom_heading heading_semantic=&#8221;h6&#8243; text_font=&#8221;font-596618&#8243; text_size=&#8221;h5&#8243; text_transform=&#8221;uppercase&#8221; text_space=&#8221;fontspace-781688&#8243; text_color=&#8221;color-757855&#8243;]<a href=\"https:\/\/www.flad.pt\/en\/outsiders\/tchoupitoulas\/tchoupitoulas\/\">Tchoupitoulas<\/a>[\/vc_custom_heading][\/vc_column_inner][vc_column_inner column_width_percent=&#8221;100&#8243; position_horizontal=&#8221;left&#8221; position_vertical=&#8221;middle&#8221; gutter_size=&#8221;3&#8243; overlay_alpha=&#8221;50&#8243; shift_x=&#8221;0&#8243; shift_y=&#8221;0&#8243; shift_y_down=&#8221;0&#8243; z_index=&#8221;0&#8243; align_medium=&#8221;align_left_tablet&#8221; medium_width=&#8221;2&#8243; align_mobile=&#8221;align_left_mobile&#8221; mobile_width=&#8221;7&#8243; width=&#8221;1\/4&#8243;][vc_custom_heading heading_semantic=&#8221;h6&#8243; text_font=&#8221;font-596618&#8243; text_size=&#8221;h6&#8243; text_space=&#8221;fontspace-781688&#8243; text_color=&#8221;color-757855&#8243;]Bill Ross IV, Turner Ross, 2012, 80&#8242;[\/vc_custom_heading][\/vc_column_inner][\/vc_row_inner][vc_row_inner row_inner_height_percent=&#8221;0&#8243; overlay_alpha=&#8221;50&#8243; equal_height=&#8221;yes&#8221; gutter_size=&#8221;2&#8243; shift_y=&#8221;0&#8243; z_index=&#8221;0&#8243; limit_content=&#8221;&#8221;][vc_column_inner column_width_percent=&#8221;100&#8243; position_horizontal=&#8221;left&#8221; position_vertical=&#8221;middle&#8221; gutter_size=&#8221;2&#8243; overlay_alpha=&#8221;50&#8243; shift_x=&#8221;0&#8243; shift_y=&#8221;0&#8243; shift_y_down=&#8221;0&#8243; z_index=&#8221;0&#8243; align_medium=&#8221;align_left_tablet&#8221; medium_width=&#8221;2&#8243; align_mobile=&#8221;align_left_mobile&#8221; mobile_width=&#8221;4&#8243; width=&#8221;1\/4&#8243;][vc_custom_heading heading_semantic=&#8221;h6&#8243; text_font=&#8221;font-596618&#8243; text_size=&#8221;h6&#8243; text_space=&#8221;fontspace-781688&#8243; text_color=&#8221;color-142668&#8243;]09\/04 Sat[\/vc_custom_heading][\/vc_column_inner][vc_column_inner column_width_percent=&#8221;100&#8243; position_horizontal=&#8221;left&#8221; position_vertical=&#8221;middle&#8221; gutter_size=&#8221;3&#8243; overlay_alpha=&#8221;50&#8243; shift_x=&#8221;0&#8243; shift_y=&#8221;0&#8243; shift_y_down=&#8221;0&#8243; z_index=&#8221;0&#8243; align_medium=&#8221;align_left_tablet&#8221; medium_width=&#8221;1&#8243; align_mobile=&#8221;align_right_mobile&#8221; mobile_width=&#8221;4&#8243; width=&#8221;1\/6&#8243;][vc_custom_heading heading_semantic=&#8221;h6&#8243; text_font=&#8221;font-596618&#8243; text_size=&#8221;h6&#8243; text_space=&#8221;fontspace-781688&#8243; text_color=&#8221;color-334370&#8243;]21h00[\/vc_custom_heading][\/vc_column_inner][vc_column_inner column_width_percent=&#8221;100&#8243; position_horizontal=&#8221;left&#8221; position_vertical=&#8221;middle&#8221; gutter_size=&#8221;3&#8243; overlay_alpha=&#8221;50&#8243; shift_x=&#8221;0&#8243; shift_y=&#8221;0&#8243; shift_y_down=&#8221;0&#8243; z_index=&#8221;0&#8243; align_medium=&#8221;align_left_tablet&#8221; medium_width=&#8221;3&#8243; align_mobile=&#8221;align_left_mobile&#8221; mobile_width=&#8221;7&#8243; width=&#8221;2\/6&#8243;][vc_custom_heading heading_semantic=&#8221;h6&#8243; text_font=&#8221;font-596618&#8243; text_size=&#8221;h5&#8243; text_transform=&#8221;uppercase&#8221; text_space=&#8221;fontspace-781688&#8243; text_color=&#8221;color-757855&#8243;]<a href=\"https:\/\/www.flad.pt\/en\/outsiders\/all-the-light-in-the-sky\/all-the-light-in-the-sky\/\">All The Light In The Sky<\/a>[\/vc_custom_heading][\/vc_column_inner][vc_column_inner column_width_percent=&#8221;100&#8243; position_horizontal=&#8221;left&#8221; position_vertical=&#8221;middle&#8221; gutter_size=&#8221;3&#8243; overlay_alpha=&#8221;50&#8243; shift_x=&#8221;0&#8243; shift_y=&#8221;0&#8243; shift_y_down=&#8221;0&#8243; z_index=&#8221;0&#8243; align_medium=&#8221;align_left_tablet&#8221; medium_width=&#8221;2&#8243; align_mobile=&#8221;align_left_mobile&#8221; mobile_width=&#8221;7&#8243; width=&#8221;1\/4&#8243;][vc_custom_heading heading_semantic=&#8221;h6&#8243; text_font=&#8221;font-596618&#8243; text_size=&#8221;h6&#8243; text_space=&#8221;fontspace-781688&#8243; text_color=&#8221;color-757855&#8243;]<\/p>\n<div class=\"page\" title=\"Page 3\">\n<div class=\"section\">\n<div class=\"layoutArea\">\n<div class=\"column\">\n<p>Joe Swanberg, 2012, 79\u2019<\/p>\n<\/div>\n<\/div>\n<\/div>\n<\/div>\n<p>[\/vc_custom_heading][\/vc_column_inner][\/vc_row_inner][vc_separator sep_color=&#8221;color-rgdb&#8221; type=&#8221;dotted&#8221; el_width=&#8221;100%&#8221; el_height=&#8221;2px&#8221;][vc_row_inner row_inner_height_percent=&#8221;0&#8243; overlay_alpha=&#8221;50&#8243; equal_height=&#8221;yes&#8221; gutter_size=&#8221;2&#8243; shift_y=&#8221;0&#8243; z_index=&#8221;0&#8243; limit_content=&#8221;&#8221;][vc_column_inner column_width_percent=&#8221;100&#8243; position_horizontal=&#8221;left&#8221; position_vertical=&#8221;middle&#8221; gutter_size=&#8221;2&#8243; overlay_alpha=&#8221;50&#8243; shift_x=&#8221;0&#8243; shift_y=&#8221;0&#8243; shift_y_down=&#8221;0&#8243; z_index=&#8221;0&#8243; align_medium=&#8221;align_left_tablet&#8221; medium_width=&#8221;2&#8243; align_mobile=&#8221;align_left_mobile&#8221; mobile_width=&#8221;4&#8243; width=&#8221;1\/4&#8243;][vc_custom_heading heading_semantic=&#8221;h6&#8243; text_font=&#8221;font-596618&#8243; text_size=&#8221;h6&#8243; text_space=&#8221;fontspace-781688&#8243; text_color=&#8221;color-142668&#8243;]10\/04 Sun[\/vc_custom_heading][\/vc_column_inner][vc_column_inner column_width_percent=&#8221;100&#8243; position_horizontal=&#8221;left&#8221; position_vertical=&#8221;middle&#8221; gutter_size=&#8221;3&#8243; overlay_alpha=&#8221;50&#8243; shift_x=&#8221;0&#8243; shift_y=&#8221;0&#8243; shift_y_down=&#8221;0&#8243; z_index=&#8221;0&#8243; align_medium=&#8221;align_left_tablet&#8221; medium_width=&#8221;1&#8243; align_mobile=&#8221;align_right_mobile&#8221; mobile_width=&#8221;4&#8243; width=&#8221;1\/6&#8243;][vc_custom_heading heading_semantic=&#8221;h6&#8243; text_font=&#8221;font-596618&#8243; text_size=&#8221;h6&#8243; text_space=&#8221;fontspace-781688&#8243; text_color=&#8221;color-334370&#8243;]18h30[\/vc_custom_heading][\/vc_column_inner][vc_column_inner column_width_percent=&#8221;100&#8243; position_horizontal=&#8221;left&#8221; position_vertical=&#8221;middle&#8221; gutter_size=&#8221;3&#8243; overlay_alpha=&#8221;50&#8243; shift_x=&#8221;0&#8243; shift_y=&#8221;0&#8243; shift_y_down=&#8221;0&#8243; z_index=&#8221;0&#8243; align_medium=&#8221;align_left_tablet&#8221; medium_width=&#8221;3&#8243; align_mobile=&#8221;align_left_mobile&#8221; mobile_width=&#8221;7&#8243; width=&#8221;2\/6&#8243;][vc_custom_heading heading_semantic=&#8221;h6&#8243; text_font=&#8221;font-596618&#8243; text_size=&#8221;h5&#8243; text_transform=&#8221;uppercase&#8221; text_space=&#8221;fontspace-781688&#8243; text_color=&#8221;color-757855&#8243;]<a href=\"https:\/\/www.flad.pt\/en\/outsiders\/the-plagiarists\/the-plagiarists\/\">The Plagiarists<\/a>[\/vc_custom_heading][\/vc_column_inner][vc_column_inner column_width_percent=&#8221;100&#8243; position_horizontal=&#8221;left&#8221; position_vertical=&#8221;middle&#8221; gutter_size=&#8221;3&#8243; overlay_alpha=&#8221;50&#8243; shift_x=&#8221;0&#8243; shift_y=&#8221;0&#8243; shift_y_down=&#8221;0&#8243; z_index=&#8221;0&#8243; align_medium=&#8221;align_left_tablet&#8221; medium_width=&#8221;2&#8243; align_mobile=&#8221;align_left_mobile&#8221; mobile_width=&#8221;7&#8243; width=&#8221;1\/4&#8243;][vc_custom_heading heading_semantic=&#8221;h6&#8243; text_font=&#8221;font-596618&#8243; text_size=&#8221;h6&#8243; text_space=&#8221;fontspace-781688&#8243; text_color=&#8221;color-757855&#8243;]Peter Parlow, 2019, 76&#8242;[\/vc_custom_heading][\/vc_column_inner][\/vc_row_inner][vc_row_inner row_inner_height_percent=&#8221;0&#8243; overlay_alpha=&#8221;50&#8243; equal_height=&#8221;yes&#8221; gutter_size=&#8221;2&#8243; shift_y=&#8221;0&#8243; z_index=&#8221;0&#8243; limit_content=&#8221;&#8221;][vc_column_inner column_width_percent=&#8221;100&#8243; position_horizontal=&#8221;left&#8221; position_vertical=&#8221;middle&#8221; gutter_size=&#8221;2&#8243; overlay_alpha=&#8221;50&#8243; shift_x=&#8221;0&#8243; shift_y=&#8221;0&#8243; shift_y_down=&#8221;0&#8243; z_index=&#8221;0&#8243; align_medium=&#8221;align_left_tablet&#8221; medium_width=&#8221;2&#8243; align_mobile=&#8221;align_left_mobile&#8221; mobile_width=&#8221;4&#8243; width=&#8221;1\/4&#8243;][vc_custom_heading heading_semantic=&#8221;h6&#8243; text_font=&#8221;font-596618&#8243; text_size=&#8221;h6&#8243; text_space=&#8221;fontspace-781688&#8243; text_color=&#8221;color-142668&#8243;]10\/04 Sun[\/vc_custom_heading][\/vc_column_inner][vc_column_inner column_width_percent=&#8221;100&#8243; position_horizontal=&#8221;left&#8221; position_vertical=&#8221;middle&#8221; gutter_size=&#8221;3&#8243; overlay_alpha=&#8221;50&#8243; shift_x=&#8221;0&#8243; shift_y=&#8221;0&#8243; shift_y_down=&#8221;0&#8243; z_index=&#8221;0&#8243; align_medium=&#8221;align_left_tablet&#8221; medium_width=&#8221;1&#8243; align_mobile=&#8221;align_right_mobile&#8221; mobile_width=&#8221;4&#8243; width=&#8221;1\/6&#8243;][vc_custom_heading heading_semantic=&#8221;h6&#8243; text_font=&#8221;font-596618&#8243; text_size=&#8221;h6&#8243; text_space=&#8221;fontspace-781688&#8243; text_color=&#8221;color-334370&#8243;]21h00[\/vc_custom_heading][\/vc_column_inner][vc_column_inner column_width_percent=&#8221;100&#8243; position_horizontal=&#8221;left&#8221; position_vertical=&#8221;middle&#8221; gutter_size=&#8221;3&#8243; overlay_alpha=&#8221;50&#8243; shift_x=&#8221;0&#8243; shift_y=&#8221;0&#8243; shift_y_down=&#8221;0&#8243; z_index=&#8221;0&#8243; align_medium=&#8221;align_left_tablet&#8221; medium_width=&#8221;3&#8243; align_mobile=&#8221;align_left_mobile&#8221; mobile_width=&#8221;7&#8243; width=&#8221;2\/6&#8243;][vc_custom_heading heading_semantic=&#8221;h6&#8243; text_font=&#8221;font-596618&#8243; text_size=&#8221;h5&#8243; text_transform=&#8221;uppercase&#8221; text_space=&#8221;fontspace-781688&#8243; text_color=&#8221;color-757855&#8243;]<a href=\"https:\/\/www.flad.pt\/en\/outsiders\/sun-dont-shine\/sun-dont-shine\/\">Sun Don&#8217;t Shine<\/a>[\/vc_custom_heading][\/vc_column_inner][vc_column_inner column_width_percent=&#8221;100&#8243; position_horizontal=&#8221;left&#8221; position_vertical=&#8221;middle&#8221; gutter_size=&#8221;3&#8243; overlay_alpha=&#8221;50&#8243; shift_x=&#8221;0&#8243; shift_y=&#8221;0&#8243; shift_y_down=&#8221;0&#8243; z_index=&#8221;0&#8243; align_medium=&#8221;align_left_tablet&#8221; medium_width=&#8221;2&#8243; align_mobile=&#8221;align_left_mobile&#8221; mobile_width=&#8221;7&#8243; width=&#8221;1\/4&#8243;][vc_custom_heading heading_semantic=&#8221;h6&#8243; text_font=&#8221;font-596618&#8243; text_size=&#8221;h6&#8243; text_space=&#8221;fontspace-781688&#8243; text_color=&#8221;color-757855&#8243;]Amy Seimetz, 2012, 90&#8242;[\/vc_custom_heading][\/vc_column_inner][\/vc_row_inner][vc_separator sep_color=&#8221;color-rgdb&#8221; type=&#8221;dotted&#8221; el_width=&#8221;100%&#8221; el_height=&#8221;2px&#8221;][\/vc_column][\/vc_row][vc_row row_height_percent=&#8221;0&#8243; override_padding=&#8221;yes&#8221; h_padding=&#8221;2&#8243; top_padding=&#8221;5&#8243; bottom_padding=&#8221;5&#8243; back_color=&#8221;color-334370&#8243; overlay_alpha=&#8221;100&#8243; gutter_size=&#8221;3&#8243; column_width_percent=&#8221;100&#8243; shift_y=&#8221;0&#8243; z_index=&#8221;0&#8243; desktop_visibility=&#8221;yes&#8221; medium_visibility=&#8221;yes&#8221; mobile_visibility=&#8221;yes&#8221; inverted_device_order=&#8221;yes&#8221; auto_height_device=&#8221;yes&#8221;][vc_column column_width_use_pixel=&#8221;yes&#8221; position_horizontal=&#8221;left&#8221; gutter_size=&#8221;3&#8243; style=&#8221;dark&#8221; overlay_alpha=&#8221;50&#8243; shift_x=&#8221;0&#8243; shift_y=&#8221;0&#8243; shift_y_down=&#8221;0&#8243; z_index=&#8221;0&#8243; medium_width=&#8221;0&#8243; mobile_width=&#8221;0&#8243; css_animation=&#8221;alpha-anim&#8221; animation_delay=&#8221;200&#8243; width=&#8221;2\/3&#8243; column_width_pixel=&#8221;900&#8243;][vc_custom_heading heading_semantic=&#8221;h3&#8243; text_font=&#8221;font-596618&#8243; text_size=&#8221;fontsize-611418&#8243; text_height=&#8221;fontheight-179065&#8243; text_color=&#8221;color-757855&#8243;]From No Budget<br \/>\nto Netflix[\/vc_custom_heading][vc_custom_heading heading_semantic=&#8221;h3&#8243; text_font=&#8221;font-596618&#8243; text_size=&#8221;h1&#8243; text_height=&#8221;fontheight-179065&#8243; text_color=&#8221;color-xsdn&#8221;]Masterclass[\/vc_custom_heading][vc_custom_heading heading_semantic=&#8221;h3&#8243; text_font=&#8221;font-596618&#8243; text_size=&#8221;h4&#8243; text_transform=&#8221;uppercase&#8221; text_height=&#8221;fontheight-179065&#8243; text_color=&#8221;color-xsdn&#8221;]7 Dez, 17h[\/vc_custom_heading][vc_custom_heading heading_semantic=&#8221;h3&#8243; text_font=&#8221;font-596618&#8243; text_size=&#8221;h6&#8243; text_transform=&#8221;uppercase&#8221; text_height=&#8221;fontheight-357766&#8243; text_color=&#8221;color-xsdn&#8221;]Grande Audit\u00f3rio<br \/>\nFaculdade de Belas-Artes, Universidade de Lisboa[\/vc_custom_heading][vc_button size=&#8221;btn-lg&#8221; custom_typo=&#8221;yes&#8221; font_family=&#8221;font-596618&#8243; font_weight=&#8221;100&#8243; text_transform=&#8221;uppercase&#8221; letter_spacing=&#8221;fontspace-781688&#8243; border_width=&#8221;0&#8243; link=&#8221;url:https%3A%2F%2Fwww.flad.pt%2Foutsiders%2Fjoe-swanberg%2F&#8221;]Saber Mais[\/vc_button][\/vc_column][vc_column column_width_percent=&#8221;100&#8243; position_horizontal=&#8221;right&#8221; align_horizontal=&#8221;align_right&#8221; gutter_size=&#8221;2&#8243; style=&#8221;dark&#8221; overlay_alpha=&#8221;50&#8243; shift_x=&#8221;0&#8243; shift_y=&#8221;0&#8243; shift_y_down=&#8221;0&#8243; z_index=&#8221;0&#8243; medium_width=&#8221;0&#8243; mobile_width=&#8221;0&#8243; width=&#8221;1\/3&#8243;][vc_single_image media=&#8221;99991&#8243; media_width_percent=&#8221;100&#8243;][vc_custom_heading heading_semantic=&#8221;h6&#8243; text_font=&#8221;font-596618&#8243; text_size=&#8221;h1&#8243; text_transform=&#8221;uppercase&#8221; text_space=&#8221;fontspace-781688&#8243; text_color=&#8221;color-xsdn&#8221;]Joe<br \/>\nSwanberg[\/vc_custom_heading][\/vc_column][\/vc_row][vc_row row_height_percent=&#8221;0&#8243; override_padding=&#8221;yes&#8221; h_padding=&#8221;2&#8243; top_padding=&#8221;4&#8243; bottom_padding=&#8221;4&#8243; back_color=&#8221;color-142668&#8243; overlay_alpha=&#8221;100&#8243; gutter_size=&#8221;3&#8243; column_width_percent=&#8221;100&#8243; shift_y=&#8221;0&#8243; z_index=&#8221;0&#8243;][vc_column column_width_use_pixel=&#8221;yes&#8221; position_vertical=&#8221;middle&#8221; align_horizontal=&#8221;align_center&#8221; gutter_size=&#8221;3&#8243; style=&#8221;dark&#8221; overlay_alpha=&#8221;50&#8243; shift_x=&#8221;0&#8243; shift_y=&#8221;0&#8243; shift_y_down=&#8221;0&#8243; z_index=&#8221;0&#8243; medium_width=&#8221;0&#8243; mobile_width=&#8221;0&#8243; css_animation=&#8221;alpha-anim&#8221; animation_delay=&#8221;200&#8243; width=&#8221;1\/1&#8243; column_width_pixel=&#8221;900&#8243;][vc_custom_heading heading_semantic=&#8221;h5&#8243; text_font=&#8221;font-596618&#8243; text_size=&#8221;h1&#8243; text_height=&#8221;fontheight-357766&#8243;]<\/p>\n<h2 data-pm-slice=\"1 1 [\"><span class=\"font-596618\">Free Entrance<\/span><\/h2>\n<p>[\/vc_custom_heading][vc_empty_space empty_h=&#8221;1&#8243;][vc_custom_heading heading_semantic=&#8221;p&#8221; text_font=&#8221;font-596618&#8243; text_size=&#8221;h3&#8243; text_height=&#8221;fontheight-357766&#8243;]<\/p>\n<p data-pm-slice=\"1 1 [\">Upon withdrawal of a ticket 30 minutes before the start of the session. Capacity limited to the capacity of the room.<\/p>\n<p>[\/vc_custom_heading][\/vc_column][\/vc_row][vc_row unlock_row_content=&#8221;yes&#8221; row_height_percent=&#8221;0&#8243; override_padding=&#8221;yes&#8221; h_padding=&#8221;2&#8243; top_padding=&#8221;5&#8243; bottom_padding=&#8221;3&#8243; back_color=&#8221;color-xsdn&#8221; overlay_alpha=&#8221;50&#8243; gutter_size=&#8221;4&#8243; column_width_percent=&#8221;100&#8243; shift_y=&#8221;0&#8243; z_index=&#8221;0&#8243; row_name=&#8221;filmes&#8221;][vc_column column_width_percent=&#8221;100&#8243; align_horizontal=&#8221;align_center&#8221; gutter_size=&#8221;2&#8243; overlay_alpha=&#8221;50&#8243; shift_x=&#8221;0&#8243; shift_y=&#8221;0&#8243; shift_y_down=&#8221;0&#8243; z_index=&#8221;0&#8243; medium_width=&#8221;0&#8243; mobile_width=&#8221;0&#8243; width=&#8221;1\/1&#8243;][vc_custom_heading text_font=&#8221;font-596618&#8243; text_space=&#8221;fontspace-111509&#8243; text_color=&#8221;color-757855&#8243;]Movies[\/vc_custom_heading][vc_empty_space empty_h=&#8221;2&#8243;][vc_row_inner row_inner_height_percent=&#8221;0&#8243; overlay_alpha=&#8221;50&#8243; equal_height=&#8221;yes&#8221; gutter_size=&#8221;3&#8243; shift_y=&#8221;0&#8243; z_index=&#8221;0&#8243; limit_content=&#8221;&#8221;][vc_column_inner column_width_percent=&#8221;100&#8243; gutter_size=&#8221;2&#8243; overlay_alpha=&#8221;50&#8243; shift_x=&#8221;0&#8243; shift_y=&#8221;0&#8243; shift_y_down=&#8221;0&#8243; z_index=&#8221;0&#8243; medium_width=&#8221;0&#8243; mobile_width=&#8221;0&#8243; width=&#8221;1\/4&#8243;][vc_single_image media=&#8221;98606&#8243; media_width_percent=&#8221;100&#8243; media_ratio=&#8221;sixteen-nine&#8221; advanced=&#8221;yes&#8221; media_items=&#8221;media|original,icon|lg&#8221; media_overlay_color=&#8221;color-334370&#8243; media_overlay_opacity=&#8221;80&#8243; media_image_color_anim=&#8221;yes&#8221; media_h_align=&#8221;center&#8221; media_padding=&#8221;2&#8243; media_icon=&#8221;fa fa-plus2&#8243; media_link=&#8221;url:https%3A%2F%2Fwww.flad.pt%2Fen%2Foutsiders%2Ftiny-furniture%2F&#8221;][vc_column_text]<span class=\"font-596618 h5\">TINY FURNITURE<\/span><br \/>\n<span class=\"font-596618 h6\" style=\"color: #ed1a3b;\">Fiction, 2010, 98\u2019<\/span>[\/vc_column_text][vc_separator sep_color=&#8221;color-334370&#8243; type=&#8221;dotted&#8221; css_animation=&#8221;left-t-right&#8221; animation_speed=&#8221;200&#8243; el_width=&#8221;100%&#8221; el_height=&#8221;2px&#8221;][vc_empty_space empty_h=&#8221;2&#8243;][\/vc_column_inner][vc_column_inner column_width_percent=&#8221;100&#8243; gutter_size=&#8221;2&#8243; overlay_alpha=&#8221;50&#8243; shift_x=&#8221;0&#8243; shift_y=&#8221;0&#8243; shift_y_down=&#8221;0&#8243; z_index=&#8221;0&#8243; medium_width=&#8221;0&#8243; mobile_width=&#8221;0&#8243; width=&#8221;1\/4&#8243;][vc_single_image media=&#8221;98629&#8243; media_width_percent=&#8221;100&#8243; media_ratio=&#8221;sixteen-nine&#8221; advanced=&#8221;yes&#8221; media_items=&#8221;media|original,icon|lg&#8221; media_overlay_color=&#8221;color-334370&#8243; media_overlay_opacity=&#8221;80&#8243; media_image_color_anim=&#8221;yes&#8221; media_h_align=&#8221;center&#8221; media_padding=&#8221;2&#8243; media_icon=&#8221;fa fa-plus2&#8243; media_link=&#8221;url:https%3A%2F%2Fwww.flad.pt%2Fen%2Foutsiders%2Factress%2F&#8221;][vc_column_text]<span class=\"font-596618 h5\">ACTRESS<\/span><br \/>\n<span class=\"font-596618 h6\" style=\"color: #ed1a3b;\">Documentary, 2014, 86\u2019<br \/>\n<\/span>[\/vc_column_text][vc_separator sep_color=&#8221;color-334370&#8243; type=&#8221;dotted&#8221; css_animation=&#8221;left-t-right&#8221; animation_speed=&#8221;200&#8243; el_width=&#8221;100%&#8221; el_height=&#8221;2px&#8221;][vc_empty_space empty_h=&#8221;2&#8243;][\/vc_column_inner][vc_column_inner column_width_percent=&#8221;100&#8243; gutter_size=&#8221;2&#8243; overlay_alpha=&#8221;50&#8243; shift_x=&#8221;0&#8243; shift_y=&#8221;0&#8243; shift_y_down=&#8221;0&#8243; z_index=&#8221;0&#8243; medium_width=&#8221;0&#8243; mobile_width=&#8221;0&#8243; width=&#8221;1\/4&#8243;][vc_single_image media=&#8221;99023&#8243; media_width_percent=&#8221;100&#8243; media_ratio=&#8221;sixteen-nine&#8221; advanced=&#8221;yes&#8221; media_items=&#8221;media|original,icon|lg&#8221; media_overlay_color=&#8221;color-334370&#8243; media_overlay_opacity=&#8221;80&#8243; media_image_color_anim=&#8221;yes&#8221; media_h_align=&#8221;center&#8221; media_padding=&#8221;2&#8243; media_icon=&#8221;fa fa-plus2&#8243; media_link=&#8221;url:https%3A%2F%2Fwww.flad.pt%2Fen%2Foutsiders%2Faudrey-the-trainwreck%2F&#8221;][vc_column_text]<span class=\"font-596618 h5\">AUDREY THE TRAINWRECK<\/span><br \/>\n<span class=\"font-596618 h6\" style=\"color: #ed1a3b;\">Fiction, 2010, 85\u2019<\/span>[\/vc_column_text][vc_separator sep_color=&#8221;color-334370&#8243; type=&#8221;dotted&#8221; css_animation=&#8221;left-t-right&#8221; animation_speed=&#8221;200&#8243; el_width=&#8221;100%&#8221; el_height=&#8221;2px&#8221;][vc_empty_space empty_h=&#8221;2&#8243;][\/vc_column_inner][vc_column_inner column_width_percent=&#8221;100&#8243; gutter_size=&#8221;2&#8243; overlay_alpha=&#8221;50&#8243; shift_x=&#8221;0&#8243; shift_y=&#8221;0&#8243; shift_y_down=&#8221;0&#8243; z_index=&#8221;0&#8243; medium_width=&#8221;0&#8243; mobile_width=&#8221;0&#8243; width=&#8221;1\/4&#8243;][vc_single_image media=&#8221;99001&#8243; media_width_percent=&#8221;100&#8243; media_ratio=&#8221;sixteen-nine&#8221; advanced=&#8221;yes&#8221; media_items=&#8221;media|original,icon|lg&#8221; media_overlay_color=&#8221;color-334370&#8243; media_overlay_opacity=&#8221;80&#8243; media_image_color_anim=&#8221;yes&#8221; media_h_align=&#8221;center&#8221; media_padding=&#8221;2&#8243; media_icon=&#8221;fa fa-plus2&#8243; media_link=&#8221;url:https%3A%2F%2Fwww.flad.pt%2Fen%2Foutsiders%2Fthe-mend%2F&#8221;][vc_column_text]<span class=\"font-596618 h5\">THE MEND<\/span><br \/>\n<span class=\"font-596618 h6\" style=\"color: #ed1a3b;\">Fiction, 2014, 111\u2019<\/span>[\/vc_column_text][vc_separator sep_color=&#8221;color-334370&#8243; type=&#8221;dotted&#8221; css_animation=&#8221;left-t-right&#8221; animation_speed=&#8221;200&#8243; el_width=&#8221;100%&#8221; el_height=&#8221;2px&#8221;][vc_empty_space empty_h=&#8221;2&#8243;][\/vc_column_inner][\/vc_row_inner][vc_row_inner row_inner_height_percent=&#8221;0&#8243; overlay_alpha=&#8221;50&#8243; equal_height=&#8221;yes&#8221; gutter_size=&#8221;3&#8243; shift_y=&#8221;0&#8243; z_index=&#8221;0&#8243; limit_content=&#8221;&#8221;][vc_column_inner column_width_percent=&#8221;100&#8243; gutter_size=&#8221;2&#8243; overlay_alpha=&#8221;50&#8243; shift_x=&#8221;0&#8243; shift_y=&#8221;0&#8243; shift_y_down=&#8221;0&#8243; z_index=&#8221;0&#8243; medium_width=&#8221;0&#8243; mobile_width=&#8221;0&#8243; width=&#8221;1\/4&#8243;][vc_single_image media=&#8221;98912&#8243; media_width_percent=&#8221;100&#8243; media_ratio=&#8221;sixteen-nine&#8221; advanced=&#8221;yes&#8221; media_items=&#8221;media|original,icon|lg&#8221; media_overlay_color=&#8221;color-334370&#8243; media_overlay_opacity=&#8221;80&#8243; media_image_color_anim=&#8221;yes&#8221; media_h_align=&#8221;center&#8221; media_padding=&#8221;2&#8243; media_icon=&#8221;fa fa-plus2&#8243; media_link=&#8221;url:https%3A%2F%2Fwww.flad.pt%2Fen%2Foutsiders%2Fin-the-family%2F&#8221;][vc_column_text]<span class=\"font-596618 h5\">IN THE FAMILY<\/span><br \/>\n<span class=\"font-596618 h6\" style=\"color: #ed1a3b;\">Fiction, 2011, 169\u2019<\/span>[\/vc_column_text][vc_separator sep_color=&#8221;color-334370&#8243; type=&#8221;dotted&#8221; css_animation=&#8221;left-t-right&#8221; animation_speed=&#8221;200&#8243; el_width=&#8221;100%&#8221; el_height=&#8221;2px&#8221;][vc_empty_space empty_h=&#8221;2&#8243;][\/vc_column_inner][vc_column_inner column_width_percent=&#8221;100&#8243; gutter_size=&#8221;2&#8243; overlay_alpha=&#8221;50&#8243; shift_x=&#8221;0&#8243; shift_y=&#8221;0&#8243; shift_y_down=&#8221;0&#8243; z_index=&#8221;0&#8243; medium_width=&#8221;0&#8243; mobile_width=&#8221;0&#8243; width=&#8221;1\/4&#8243;][vc_single_image media=&#8221;99064&#8243; media_width_percent=&#8221;100&#8243; media_ratio=&#8221;sixteen-nine&#8221; advanced=&#8221;yes&#8221; media_items=&#8221;media|original,icon|lg&#8221; media_overlay_color=&#8221;color-334370&#8243; media_overlay_opacity=&#8221;80&#8243; media_image_color_anim=&#8221;yes&#8221; media_h_align=&#8221;center&#8221; media_padding=&#8221;2&#8243; media_icon=&#8221;fa fa-plus2&#8243; media_link=&#8221;url:https%3A%2F%2Fwww.flad.pt%2Fen%2Foutsiders%2Fthe-rider%2F&#8221;][vc_column_text]<span class=\"font-596618 h5\">THE RIDER<\/span><br \/>\n<span class=\"font-596618 h6\" style=\"color: #ed1a3b;\">Fiction, 2017, 104\u2019<\/span>[\/vc_column_text][vc_separator sep_color=&#8221;color-334370&#8243; type=&#8221;dotted&#8221; css_animation=&#8221;left-t-right&#8221; animation_speed=&#8221;200&#8243; el_width=&#8221;100%&#8221; el_height=&#8221;2px&#8221;][vc_empty_space empty_h=&#8221;2&#8243;][\/vc_column_inner][vc_column_inner column_width_percent=&#8221;100&#8243; gutter_size=&#8221;2&#8243; overlay_alpha=&#8221;50&#8243; shift_x=&#8221;0&#8243; shift_y=&#8221;0&#8243; shift_y_down=&#8221;0&#8243; z_index=&#8221;0&#8243; medium_width=&#8221;0&#8243; mobile_width=&#8221;0&#8243; width=&#8221;1\/4&#8243;][vc_single_image media=&#8221;98631&#8243; media_width_percent=&#8221;100&#8243; media_ratio=&#8221;sixteen-nine&#8221; advanced=&#8221;yes&#8221; media_items=&#8221;media|original,icon|lg&#8221; media_overlay_color=&#8221;color-334370&#8243; media_overlay_opacity=&#8221;80&#8243; media_image_color_anim=&#8221;yes&#8221; media_h_align=&#8221;center&#8221; media_padding=&#8221;2&#8243; media_icon=&#8221;fa fa-plus2&#8243; media_link=&#8221;url:https%3A%2F%2Fwww.flad.pt%2Fen%2Foutsiders%2Fit-felt-like-love%2F&#8221;][vc_column_text]<span class=\"font-596618 h5\">IT FELT LIKE LOVE <\/span><br \/>\n<span class=\"font-596618 h6\" style=\"color: #ed1a3b;\">Fiction, 2013, 82\u2019<br \/>\n<\/span>[\/vc_column_text][vc_separator sep_color=&#8221;color-334370&#8243; type=&#8221;dotted&#8221; css_animation=&#8221;left-t-right&#8221; animation_speed=&#8221;200&#8243; el_width=&#8221;100%&#8221; el_height=&#8221;2px&#8221;][vc_empty_space empty_h=&#8221;2&#8243;][\/vc_column_inner][vc_column_inner column_width_percent=&#8221;100&#8243; gutter_size=&#8221;2&#8243; overlay_alpha=&#8221;50&#8243; shift_x=&#8221;0&#8243; shift_y=&#8221;0&#8243; shift_y_down=&#8221;0&#8243; z_index=&#8221;0&#8243; medium_width=&#8221;0&#8243; mobile_width=&#8221;0&#8243; width=&#8221;1\/4&#8243;][vc_single_image media=&#8221;98993&#8243; media_width_percent=&#8221;100&#8243; media_ratio=&#8221;sixteen-nine&#8221; advanced=&#8221;yes&#8221; media_items=&#8221;media|original,icon|lg&#8221; media_overlay_color=&#8221;color-334370&#8243; media_overlay_opacity=&#8221;80&#8243; media_image_color_anim=&#8221;yes&#8221; media_h_align=&#8221;center&#8221; media_padding=&#8221;2&#8243; media_icon=&#8221;fa fa-plus2&#8243; media_link=&#8221;url:https%3A%2F%2Fwww.flad.pt%2Fen%2Foutsiders%2Ftchoupitoulas%2F&#8221;][vc_column_text]<span class=\"font-596618 h5\">TCHOUPITOULAS<\/span><br \/>\n<span class=\"font-596618 h6\" style=\"color: #ed1a3b;\">Documentary, 2012, 80\u2019<\/span>[\/vc_column_text][vc_separator sep_color=&#8221;color-334370&#8243; type=&#8221;dotted&#8221; css_animation=&#8221;left-t-right&#8221; animation_speed=&#8221;200&#8243; el_width=&#8221;100%&#8221; el_height=&#8221;2px&#8221;][vc_empty_space empty_h=&#8221;2&#8243;][\/vc_column_inner][\/vc_row_inner][vc_row_inner row_inner_height_percent=&#8221;0&#8243; overlay_alpha=&#8221;50&#8243; equal_height=&#8221;yes&#8221; gutter_size=&#8221;3&#8243; shift_y=&#8221;0&#8243; z_index=&#8221;0&#8243; limit_content=&#8221;&#8221;][vc_column_inner column_width_percent=&#8221;100&#8243; gutter_size=&#8221;2&#8243; overlay_alpha=&#8221;50&#8243; shift_x=&#8221;0&#8243; shift_y=&#8221;0&#8243; shift_y_down=&#8221;0&#8243; z_index=&#8221;0&#8243; medium_width=&#8221;0&#8243; mobile_width=&#8221;0&#8243; width=&#8221;1\/4&#8243;][vc_single_image media=&#8221;99034&#8243; media_width_percent=&#8221;100&#8243; media_ratio=&#8221;sixteen-nine&#8221; advanced=&#8221;yes&#8221; media_items=&#8221;media|original,icon|lg&#8221; media_overlay_color=&#8221;color-334370&#8243; media_overlay_opacity=&#8221;80&#8243; media_image_color_anim=&#8221;yes&#8221; media_h_align=&#8221;center&#8221; media_padding=&#8221;2&#8243; media_icon=&#8221;fa fa-plus2&#8243; media_link=&#8221;url:https%3A%2F%2Fwww.flad.pt%2Fen%2Foutsiders%2Fall-the-light-in-the-sky%2F&#8221;][vc_column_text]<span class=\"font-596618 h5\">ALL THE LIGHT IN THE SKY<\/span><br \/>\n<span class=\"font-596618 h6\" style=\"color: #ed1a3b;\">Fiction, 2012, 79\u2019<\/span>[\/vc_column_text][vc_separator sep_color=&#8221;color-334370&#8243; type=&#8221;dotted&#8221; css_animation=&#8221;left-t-right&#8221; animation_speed=&#8221;200&#8243; el_width=&#8221;100%&#8221; el_height=&#8221;2px&#8221;][vc_empty_space empty_h=&#8221;2&#8243;][\/vc_column_inner][vc_column_inner column_width_percent=&#8221;100&#8243; gutter_size=&#8221;2&#8243; overlay_alpha=&#8221;50&#8243; shift_x=&#8221;0&#8243; shift_y=&#8221;0&#8243; shift_y_down=&#8221;0&#8243; z_index=&#8221;0&#8243; medium_width=&#8221;0&#8243; mobile_width=&#8221;0&#8243; width=&#8221;1\/4&#8243;][vc_single_image media=&#8221;99054&#8243; media_width_percent=&#8221;100&#8243; media_ratio=&#8221;sixteen-nine&#8221; advanced=&#8221;yes&#8221; media_items=&#8221;media|original,icon|lg&#8221; media_overlay_color=&#8221;color-334370&#8243; media_overlay_opacity=&#8221;80&#8243; media_image_color_anim=&#8221;yes&#8221; media_h_align=&#8221;center&#8221; media_padding=&#8221;2&#8243; media_icon=&#8221;fa fa-plus2&#8243; media_link=&#8221;url:https%3A%2F%2Fwww.flad.pt%2Fen%2Foutsiders%2Fthe-plagiarists%2F&#8221;][vc_column_text]<span class=\"font-596618 h5\">THE PLAGIARISTS<\/span><br \/>\n<span class=\"font-596618 h6\" style=\"color: #ed1a3b;\">Fiction, 2019, 76\u2019<\/span>[\/vc_column_text][vc_separator sep_color=&#8221;color-334370&#8243; type=&#8221;dotted&#8221; css_animation=&#8221;left-t-right&#8221; animation_speed=&#8221;200&#8243; el_width=&#8221;100%&#8221; el_height=&#8221;2px&#8221;][vc_empty_space empty_h=&#8221;2&#8243;][\/vc_column_inner][vc_column_inner column_width_percent=&#8221;100&#8243; gutter_size=&#8221;2&#8243; overlay_alpha=&#8221;50&#8243; shift_x=&#8221;0&#8243; shift_y=&#8221;0&#8243; shift_y_down=&#8221;0&#8243; z_index=&#8221;0&#8243; medium_width=&#8221;0&#8243; mobile_width=&#8221;0&#8243; width=&#8221;1\/4&#8243;][vc_single_image media=&#8221;98920&#8243; media_width_percent=&#8221;100&#8243; media_ratio=&#8221;sixteen-nine&#8221; advanced=&#8221;yes&#8221; media_items=&#8221;media|original,icon|lg&#8221; media_overlay_color=&#8221;color-334370&#8243; media_overlay_opacity=&#8221;80&#8243; media_image_color_anim=&#8221;yes&#8221; media_h_align=&#8221;center&#8221; media_padding=&#8221;2&#8243; media_icon=&#8221;fa fa-plus2&#8243; media_link=&#8221;url:https%3A%2F%2Fwww.flad.pt%2Fen%2Foutsiders%2Fsun-dont-shine%2F&#8221;][vc_column_text]<span class=\"font-596618 h5\">SUN DON&#8217;T SHINE<\/span><br \/>\n<span class=\"font-596618 h6\" style=\"color: #ed1a3b;\">Fiction, 2012, 90\u2019<\/span>[\/vc_column_text][vc_separator sep_color=&#8221;color-334370&#8243; type=&#8221;dotted&#8221; css_animation=&#8221;left-t-right&#8221; animation_speed=&#8221;200&#8243; el_width=&#8221;100%&#8221; el_height=&#8221;2px&#8221;][vc_empty_space empty_h=&#8221;2&#8243;][\/vc_column_inner][vc_column_inner width=&#8221;1\/4&#8243;][\/vc_column_inner][\/vc_row_inner][\/vc_column][\/vc_row][vc_row row_height_percent=&#8221;0&#8243; override_padding=&#8221;yes&#8221; h_padding=&#8221;2&#8243; top_padding=&#8221;5&#8243; bottom_padding=&#8221;5&#8243; overlay_alpha=&#8221;50&#8243; gutter_size=&#8221;3&#8243; column_width_percent=&#8221;100&#8243; shift_y=&#8221;0&#8243; z_index=&#8221;0&#8243; row_name=&#8221;intro&#8221;][vc_column column_width_percent=&#8221;100&#8243; gutter_size=&#8221;2&#8243; font_family=&#8221;font-596618&#8243; overlay_alpha=&#8221;50&#8243; shift_x=&#8221;0&#8243; shift_y=&#8221;0&#8243; shift_y_down=&#8221;0&#8243; z_index=&#8221;0&#8243; medium_width=&#8221;0&#8243; mobile_width=&#8221;0&#8243; width=&#8221;1\/1&#8243;][vc_row_inner limit_content=&#8221;&#8221;][vc_column_inner width=&#8221;1\/1&#8243;][vc_custom_heading text_font=&#8221;font-596618&#8243; text_space=&#8221;fontspace-111509&#8243; text_color=&#8221;color-757855&#8243;]&#8221;The <em>outsiders <\/em>are there, ready to conquer the place they have long been owed.&#8221;[\/vc_custom_heading][vc_column_text text_lead=&#8221;small&#8221;]<span class=\"font-596618\">By Carlos Nogueira, Programmer<\/span>[\/vc_column_text][\/vc_column_inner][\/vc_row_inner][vc_empty_space empty_h=&#8221;2&#8243;][vc_accordion typography=&#8221;yes&#8221; sign=&#8221;plus&#8221; active_tab=&#8221;0&#8243; el_class=&#8221;accordion-outsiders&#8221;][vc_accordion_tab gutter_size=&#8221;2&#8243; column_padding=&#8221;2&#8243; title=&#8221;More&#8221; tab_id=&#8221;1636724449-1-77&#8243;][vc_column_text text_lead=&#8221;small&#8221;]<\/p>\n<div class=\"page\" title=\"Page 4\">\n<div class=\"section\">\n<div class=\"layoutArea\">\n<p class=\"column\"><span class=\"font-596618\">At first glance, an independent film would be the opposite of a Hollywood film. To put it simply, while the latter involves huge budgets, the former costs relatively little; one is essentially entertainment, the other seeks to challenge the spectator; one avoids taking sides in politically sensitive matters, the other is often explicitly critical; one resorts to stereotypical formulas, the other seeks to transmit a personalized point of view. In other words, an independent filmmaker would be, by choice, an outsider (as opposed to a Hollywood insider), in order to maintain creative freedom. In reality, things are much more complicated&#8230; What about the great Hollywood directors, past and present, who were able to transmit their world view in spite of the industrial machine, or even because of it? Or independent filmmakers who challenged the indie format, or those who didn&#8217;t resist the call of the studios? The independent production system can provide those with the wherewithal to take advantage of them, with greater guarantees for making a personal film without needing to make concessions, and for maintaining control of their work, whether in the production phase or the distribution and exhibition phases. The task is not necessarily easy, and requires an enormous dose of perseverance, but the truth is, that we have rarely seen such a large proliferation of creativity in the field of independent film, once an excessively thankless job, as we do today. <\/span><\/p>\n<p class=\"column\"><span class=\"font-596618\">The history of independent film in the United States is almost as old as film itself. In fact, even though today \u201cindependent film\u201d is practically defined as the antithesis of Hollywood, few are aware that Hollywood was born as a rebellion of the \u201cindependents\u201d against the Motion Picture Patents Company, or the \u201cEdison Trust\u201d, which held the patents to the raw material. However, in a little over a decade, the companies which had moved to the West coast in order to dedicate themselves to production far from the purview of the MPPC, had cobbled together their own production, distribution and exhibition system, which would go down in history as \u201cthe studio system\u201d, and which would replace the Edison monopoly with the Hollywood oligopoly. The studio system and its complicated, but extremely controlled, structure dominated the American film industry for more than three decades, leaving little or no space for independent production. However, beginning in the 50s, following the famous anti-trust legal decision, which forced studios to abandon the showing of films, the door was opened to the arrival of independent production. In the 60s, the first, more or less informal, \u201cmovements\u201d or groups of films considered alternatives to \u201ccommercial films\u201d appeared. John Cassavetes, on the one hand, and Roger Corman on the other, were some of the figures which fostered American independent film during that time. Modern American independent film has been around since about the mid-80s, in large part thanks to the trend imprinted by the Sundance Festival, and it arose with an explicit intention to rebel against the dominant film model. <\/span><\/p>\n<div class=\"page\" title=\"Page 5\">\n<div class=\"section\">\n<div class=\"layoutArea\">\n<p class=\"column\"><span class=\"font-596618\">As the directors of this first <em>indie<\/em> wave, closely connected to the cultural fringes of New York, went down diverging paths, including Hollywood (the Coen brothers and Steven Soderbergh), various fringe circuits (John Waters and Sara Driver), and the cinematic essay (Mark Rappaport), a wave of \u201cartisan\u201d film was taking shape: Richard Linklater, Alexander Rockwell, Wes Anderson. It was the beginning of the 90s, and new creative hubs appeared (Austin, Boston), as well as new festivals, which served as launching pads. At the turn of the millennium, advances in technology played a substantial role in the resurgence of independent film. The availability of digital cameras at accessible prices ushered in a true cultural revolution: for the first time in its history, the Seventh Art was within reach of any average grant, and had a truly competitive quality; it was possible to make a feature-length film in your backyard, with friends or fellow students, for very little money. And even better than that, the Internet would open up a completely new distribution circuit for these works. Therefore, the third indie wave, during the 2000s, grabbed these new opportunities eagerly, enthusiastically and creatively. It maintains a large part of the traits that characterized their elders (though it adds its own \u2014 narratives around post-graduate young adult anxiety, using non-professional actors and an almost always improvised dialogue), yet often revises itself as the heir to the do legacy, and embodies a variety which resists, as did the previous ones, being classified as a \u201cmovement\u201d. <\/span><\/p>\n<p class=\"column\"><span class=\"font-596618\">This artistic diversity had a very notable corresponding diversity of reception. While it is true that many filmmakers, whether identified by the label \u201cmumblecore\u201d or not, achieved a certain notoriety within indie circuits, many others were not so lucky, even in the United States. Alternative programming in Portugal has not been especially attentive; it has almost always been limited to following a certain international tendency. It \u0301s true that Andrew Bujalski and the Safdie brothers were screened regularly, but there are many other important names from this indie wave that escaped programming radar. Lena Dunham owes her reputation here to the series Girls: none of the films she directed were shown in Portugal. Only one film by Joe Swanberg, one of the biggest names in mumblecore, and one of the most prolific contemporary filmmakers (20 features in less than 15 years), was ever screened. The first features by Eliza Hittman and Amy Seimetz never had a national premiere. It took the Oscar for Chloe Zhao to become known here. Filmmakers as important as Frank V. Ross, Patrick Wang and Bill and Turner Ross are totally unknown. And a large portion of Robert Greene \u0301s work remains invisible&#8230; Therefore, the work of disseminating this generation of independent filmmakers remains, in great part, undone. For the first time in Portugal, the screening of this group of works allows us to fill in the gaps, build bridges and find lost connections. The outsiders are here, ready to conquer their place, which has been owed to them for a long time now. <\/span><\/p>\n<\/div>\n<\/div>\n<\/div>\n<\/div>\n<\/div>\n<\/div>\n<p>[\/vc_column_text][\/vc_accordion_tab][\/vc_accordion][\/vc_column][\/vc_row][vc_row unlock_row_content=&#8221;yes&#8221; row_height_percent=&#8221;0&#8243; override_padding=&#8221;yes&#8221; h_padding=&#8221;0&#8243; top_padding=&#8221;3&#8243; bottom_padding=&#8221;1&#8243; back_color=&#8221;color-160507&#8243; overlay_alpha=&#8221;50&#8243; equal_height=&#8221;yes&#8221; gutter_size=&#8221;0&#8243; column_width_percent=&#8221;100&#8243; shift_y=&#8221;0&#8243; z_index=&#8221;0&#8243; css=&#8221;.vc_custom_1635958583348{border-top-width: 0px !important;}&#8221; row_name=&#8221;info&#8221;][vc_column column_width_percent=&#8221;100&#8243; align_horizontal=&#8221;align_center&#8221; gutter_size=&#8221;4&#8243; override_padding=&#8221;yes&#8221; column_padding=&#8221;2&#8243; overlay_alpha=&#8221;50&#8243; border_color=&#8221;color-rgdb&#8221; border_style=&#8221;solid&#8221; shift_x=&#8221;0&#8243; shift_y=&#8221;0&#8243; shift_y_down=&#8221;0&#8243; z_index=&#8221;0&#8243; medium_width=&#8221;0&#8243; mobile_width=&#8221;0&#8243; css_animation=&#8221;alpha-anim&#8221; animation_delay=&#8221;200&#8243; width=&#8221;1\/1&#8243; css=&#8221;.vc_custom_1597828752979{border-right-width: 1px !important;}&#8221;][vc_custom_heading text_font=&#8221;font-596618&#8243; text_space=&#8221;fontspace-111509&#8243; text_color=&#8221;color-757855&#8243;]Useful Information[\/vc_custom_heading][\/vc_column][\/vc_row][vc_row unlock_row_content=&#8221;yes&#8221; row_height_percent=&#8221;0&#8243; override_padding=&#8221;yes&#8221; h_padding=&#8221;3&#8243; top_padding=&#8221;0&#8243; bottom_padding=&#8221;3&#8243; back_color=&#8221;color-160507&#8243; overlay_alpha=&#8221;10&#8243; equal_height=&#8221;yes&#8221; gutter_size=&#8221;3&#8243; column_width_percent=&#8221;100&#8243; shift_y=&#8221;0&#8243; z_index=&#8221;0&#8243; css=&#8221;.vc_custom_1636542605807{border-top-width: 0px !important;}&#8221; row_name=&#8221;Apoios&#8221;][vc_column column_width_percent=&#8221;100&#8243; gutter_size=&#8221;4&#8243; overlay_alpha=&#8221;50&#8243; border_color=&#8221;color-rgdb&#8221; border_style=&#8221;solid&#8221; shift_x=&#8221;0&#8243; shift_y=&#8221;0&#8243; shift_y_down=&#8221;0&#8243; z_index=&#8221;0&#8243; medium_width=&#8221;0&#8243; mobile_width=&#8221;0&#8243; css_animation=&#8221;alpha-anim&#8221; animation_delay=&#8221;200&#8243; width=&#8221;1\/4&#8243;][vc_column_text text_lead=&#8221;small&#8221; el_class=&#8221;margin-top-0&#8243;]<span class=\"font-596618\" style=\"text-transform: uppercase;\"><strong style=\"color: #00aeef;\">Audit\u00f3rio do Ramo Grande<\/strong><\/span><br \/>\n<span class=\"font-596618\">Rua Serpa Pinto 70, <\/span><br \/>\n<span class=\"font-596618\">Praia da Vit\u00f3ria <\/span><\/p>\n<p><span class=\"font-596618\" style=\"text-transform: uppercase;\"><strong style=\"color: #00aeef;\">Centro Cultural e de Congressos<\/strong><\/span><br \/>\n<span class=\"font-596618\">Canada Nova, S\/N, <\/span><br \/>\n<span class=\"font-596618\">Angra do Hero\u00edsmo<\/span><br \/>\n[\/vc_column_text][\/vc_column][vc_column column_width_percent=&#8221;100&#8243; gutter_size=&#8221;3&#8243; overlay_alpha=&#8221;50&#8243; shift_x=&#8221;0&#8243; shift_y=&#8221;0&#8243; shift_y_down=&#8221;0&#8243; z_index=&#8221;0&#8243; medium_width=&#8221;0&#8243; mobile_width=&#8221;0&#8243; css_animation=&#8221;alpha-anim&#8221; animation_delay=&#8221;200&#8243; width=&#8221;1\/4&#8243;][vc_column_text text_lead=&#8221;small&#8221; el_class=&#8221;margin-top-0&#8243;]<span class=\"font-596618\" style=\"text-transform: uppercase;\"><strong style=\"color: #00aeef;\">Tickets<\/strong><\/span><br \/>\n<span class=\"font-596618\">Free Entrance <\/span><br \/>\n<span class=\"font-596618\"><strong>Upon ticket pick-up.<\/strong><\/span><br \/>\n<span class=\"font-596618\"><strong>Capacity limited to the capacity of the room.<\/strong><\/span>[\/vc_column_text][\/vc_column][vc_column width=&#8221;1\/4&#8243;][vc_column_text text_lead=&#8221;small&#8221; el_class=&#8221;margin-top-0&#8243;]<span class=\"font-596618\" style=\"text-transform: uppercase;\"><strong style=\"color: #00aeef;\">Contacts<\/strong><\/span><\/p>\n<p style=\"text-align: left;\"><span class=\"font-596618\">Press:<br \/>\nNuno Martins &#8211; <a class=\"PrimaryLink BaseLink\" href=\"mailto:nuno.martins@flad.pt\" target=\"_blank\" rel=\"noreferrer noopener\">nuno.martins@flad.pt<\/a><\/span><\/p>\n<p style=\"text-align: left;\"><span class=\"font-596618\">In\u00eas Braizinha &#8211; <a class=\"PrimaryLink BaseLink\" href=\"mailto:ines.braizinha@flad.pt\" target=\"_blank\" rel=\"noreferrer noopener\">ines.braizinha@flad.pt<\/a><\/span><\/p>\n<p style=\"text-align: left;\"><span class=\"font-596618\">Other Informations:<br \/>\n<a class=\"PrimaryLink BaseLink\" href=\"mailto:media.cultura@flad.pt\" target=\"_blank\" rel=\"noreferrer noopener\">media.cultura@flad.pt<\/a><\/span><\/p>\n<p>[\/vc_column_text][\/vc_column][vc_column column_width_percent=&#8221;100&#8243; gutter_size=&#8221;3&#8243; overlay_alpha=&#8221;50&#8243; shift_x=&#8221;0&#8243; shift_y=&#8221;0&#8243; shift_y_down=&#8221;0&#8243; z_index=&#8221;0&#8243; medium_width=&#8221;0&#8243; mobile_width=&#8221;0&#8243; css_animation=&#8221;alpha-anim&#8221; animation_delay=&#8221;200&#8243; width=&#8221;1\/4&#8243; el_class=&#8221;text-small&#8221;][vc_column_text text_lead=&#8221;small&#8221; el_class=&#8221;margin-top-0&#8243;]<span class=\"font-596618\" style=\"text-transform: uppercase;\"><strong style=\"color: #00aeef;\">Sessions for M\/14<\/strong><\/span>[\/vc_column_text][uncode_list icon=&#8221;fa fa-ellipsis-v&#8221; icon_color=&#8221;color-142668&#8243; el_class=&#8221;text-small&#8221;]<\/p>\n<ul>\n<li><span class=\"font-596618\">Films subtitled in Portuguese<\/span><\/li>\n<li><span class=\"font-596618\">No reserved seats<\/span><\/li>\n<li><span class=\"font-596618\">Program subject to changes<\/span><\/li>\n<li><span class=\"font-596618\">The use of a mask is mandatory inside the cinema<\/span><\/li>\n<li><span class=\"font-596618\">The Auditorium of Ramo Grande and the Cultural and Congress Center of Angra do Hero\u00edsmo operate according to the recommendations of the General Directorate of Health<\/span><\/li>\n<\/ul>\n<p>[\/uncode_list][\/vc_column][\/vc_row][vc_row unlock_row_content=&#8221;yes&#8221; row_height_percent=&#8221;0&#8243; override_padding=&#8221;yes&#8221; h_padding=&#8221;3&#8243; top_padding=&#8221;0&#8243; bottom_padding=&#8221;3&#8243; back_color=&#8221;color-160507&#8243; overlay_alpha=&#8221;10&#8243; equal_height=&#8221;yes&#8221; gutter_size=&#8221;3&#8243; column_width_percent=&#8221;100&#8243; shift_y=&#8221;0&#8243; z_index=&#8221;0&#8243; css=&#8221;.vc_custom_1636542605807{border-top-width: 0px !important;}&#8221; row_name=&#8221;Apoios&#8221;][vc_column column_width_percent=&#8221;100&#8243; gutter_size=&#8221;4&#8243; overlay_alpha=&#8221;50&#8243; border_color=&#8221;color-rgdb&#8221; border_style=&#8221;solid&#8221; shift_x=&#8221;0&#8243; shift_y=&#8221;0&#8243; shift_y_down=&#8221;0&#8243; z_index=&#8221;0&#8243; medium_width=&#8221;0&#8243; mobile_width=&#8221;0&#8243; css_animation=&#8221;alpha-anim&#8221; animation_delay=&#8221;200&#8243; width=&#8221;1\/4&#8243;][\/vc_column][vc_column column_width_percent=&#8221;100&#8243; gutter_size=&#8221;3&#8243; overlay_alpha=&#8221;50&#8243; shift_x=&#8221;0&#8243; shift_y=&#8221;0&#8243; shift_y_down=&#8221;0&#8243; z_index=&#8221;0&#8243; medium_width=&#8221;0&#8243; mobile_width=&#8221;0&#8243; css_animation=&#8221;alpha-anim&#8221; animation_delay=&#8221;200&#8243; width=&#8221;1\/2&#8243;][\/vc_column][vc_column column_width_percent=&#8221;100&#8243; gutter_size=&#8221;3&#8243; overlay_alpha=&#8221;50&#8243; shift_x=&#8221;0&#8243; shift_y=&#8221;0&#8243; shift_y_down=&#8221;0&#8243; z_index=&#8221;0&#8243; medium_width=&#8221;0&#8243; mobile_width=&#8221;0&#8243; css_animation=&#8221;alpha-anim&#8221; animation_delay=&#8221;200&#8243; width=&#8221;1\/4&#8243; el_class=&#8221;text-small&#8221;][\/vc_column][\/vc_row][vc_row unlock_row_content=&#8221;yes&#8221; row_height_percent=&#8221;0&#8243; override_padding=&#8221;yes&#8221; h_padding=&#8221;0&#8243; top_padding=&#8221;3&#8243; bottom_padding=&#8221;1&#8243; back_color=&#8221;color-xsdn&#8221; overlay_alpha=&#8221;50&#8243; equal_height=&#8221;yes&#8221; gutter_size=&#8221;0&#8243; column_width_percent=&#8221;100&#8243; shift_y=&#8221;0&#8243; z_index=&#8221;0&#8243; css=&#8221;.vc_custom_1635958600188{border-top-width: 0px !important;}&#8221; row_name=&#8221;fichatecnica&#8221;][vc_column column_width_percent=&#8221;100&#8243; align_horizontal=&#8221;align_center&#8221; gutter_size=&#8221;4&#8243; override_padding=&#8221;yes&#8221; column_padding=&#8221;2&#8243; overlay_alpha=&#8221;50&#8243; border_color=&#8221;color-rgdb&#8221; border_style=&#8221;solid&#8221; shift_x=&#8221;0&#8243; shift_y=&#8221;0&#8243; shift_y_down=&#8221;0&#8243; z_index=&#8221;0&#8243; medium_width=&#8221;0&#8243; mobile_width=&#8221;0&#8243; css_animation=&#8221;alpha-anim&#8221; animation_delay=&#8221;200&#8243; width=&#8221;1\/1&#8243; css=&#8221;.vc_custom_1597828752979{border-right-width: 1px !important;}&#8221;][vc_custom_heading text_font=&#8221;font-596618&#8243; text_space=&#8221;fontspace-111509&#8243; text_color=&#8221;color-757855&#8243;]Exhibition Credits[\/vc_custom_heading][\/vc_column][\/vc_row][vc_row unlock_row_content=&#8221;yes&#8221; row_height_percent=&#8221;0&#8243; override_padding=&#8221;yes&#8221; h_padding=&#8221;2&#8243; top_padding=&#8221;0&#8243; bottom_padding=&#8221;3&#8243; back_color=&#8221;color-xsdn&#8221; overlay_alpha=&#8221;50&#8243; equal_height=&#8221;yes&#8221; gutter_size=&#8221;3&#8243; column_width_percent=&#8221;100&#8243; shift_y=&#8221;0&#8243; z_index=&#8221;0&#8243; medium_visibility=&#8221;yes&#8221; mobile_visibility=&#8221;yes&#8221; css=&#8221;.vc_custom_1647015373179{border-top-width: 0px !important;}&#8221; row_name=&#8221;Apoios&#8221; el_class=&#8221;five-columns&#8221;][vc_column column_width_percent=&#8221;100&#8243; gutter_size=&#8221;4&#8243; override_padding=&#8221;yes&#8221; column_padding=&#8221;2&#8243; overlay_alpha=&#8221;50&#8243; border_style=&#8221;solid&#8221; shift_x=&#8221;0&#8243; shift_y=&#8221;0&#8243; shift_y_down=&#8221;0&#8243; z_index=&#8221;0&#8243; medium_width=&#8221;0&#8243; mobile_width=&#8221;0&#8243; css_animation=&#8221;alpha-anim&#8221; animation_delay=&#8221;200&#8243; width=&#8221;1\/4&#8243;][vc_column_text text_lead=&#8221;small&#8221; css=&#8221;.vc_custom_1647366746465{margin-top: 20px !important;}&#8221; el_class=&#8221;ficha-tecnica&#8221;]<span class=\"font-596618\" style=\"color: #00aeef;\">Programmer<\/span><\/p>\n<p><span class=\"font-596618\">Carlos Nogueira<\/span><\/p>\n<p><span class=\"font-596618\" style=\"color: #00aeef;\">Production Coordination<\/span><\/p>\n<p><span class=\"font-596618\">V\u00edtor Alves Brotas | Agency 25<\/span><\/p>\n<p><span class=\"font-596618\" style=\"color: #00aeef;\">Production<\/span><\/p>\n<p><span class=\"font-596618\">Cl\u00e9lia Luiz, Filipa da Rocha Nunes, Rui Vall\u00eara<\/span><\/p>\n<p><span class=\"font-596618\" style=\"color: #00aeef;\">Communication Coordination<\/span><\/p>\n<p><span class=\"font-596618\">In\u00eas Lampreia, Liliana Valpa\u00e7os<\/span><\/p>\n<p><span class=\"font-596618\" style=\"color: #00aeef;\">Communication<\/span><\/p>\n<p><span class=\"font-596618\">In\u00eas Braizinha, Mariana Nunes, Nuno Martins<\/span><\/p>\n<p><span class=\"font-596618\" style=\"color: #00aeef;\">Press<\/span><\/p>\n<p><span class=\"font-596618\">Nuno Martins, In\u00eas Braizinha<\/span><\/p>\n<p><span class=\"font-596618\" style=\"color: #00aeef;\">Graphic Identity<\/span><\/p>\n<p><span class=\"font-596618\">atelier-do-ver<\/span><\/p>\n<p><span class=\"font-596618\" style=\"color: #00aeef;\">Communications Design, Web Design e Video<\/span><\/p>\n<p><span class=\"font-596618\" style=\"color: #808080;\"><a style=\"color: #808080;\" href=\"https:\/\/www.wsa.pt\/\">WSA Creative Agency<\/a><\/span><\/p>\n<p><span class=\"font-596618\" style=\"color: #00aeef;\">Translation<\/span><\/p>\n<p><span class=\"font-596618\">Elsa Vieira<\/span><\/p>\n<p><span class=\"font-596618\" style=\"color: #00aeef;\">Photography<\/span><\/p>\n<p><span class=\"font-596618\">Edgardo Vieira<\/span><\/p>\n<p><span class=\"font-596618\" style=\"color: #00aeef;\"> Acknowledgment <\/span><\/p>\n<p><span class=\"font-596618\">Ant\u00f3nio Pinto Ribeiro<\/span>[\/vc_column_text][\/vc_column][vc_column column_width_percent=&#8221;100&#8243; gutter_size=&#8221;3&#8243; override_padding=&#8221;yes&#8221; column_padding=&#8221;2&#8243; overlay_alpha=&#8221;50&#8243; shift_x=&#8221;0&#8243; shift_y=&#8221;0&#8243; shift_y_down=&#8221;0&#8243; z_index=&#8221;0&#8243; medium_width=&#8221;0&#8243; mobile_width=&#8221;0&#8243; css_animation=&#8221;alpha-anim&#8221; width=&#8221;1\/4&#8243;][vc_column_text text_lead=&#8221;small&#8221; css=&#8221;.vc_custom_1647024061045{margin-top: 20px !important;}&#8221; el_class=&#8221;ficha-tecnica&#8221;]<span class=\"font-596618\">CINE-CLUBE DA ILHA TERCEIRA <\/span><\/p>\n<p><span class=\"font-596618\"><span style=\"color: #00aeef;\">Director<\/span><br \/>\nJorge A. Paulus Bruno &#8211; Presidente<\/span><\/p>\n<p><span class=\"font-596618\"><span style=\"color: #00aeef;\">Secretariat<\/span><br \/>\nMel\u00e2nia Pereira<\/span><\/p>\n<p><span class=\"font-596618\"><span style=\"color: #00aeef;\">Treasury<\/span><br \/>\nDiogo Ferreira<\/span><\/p>\n<p><span class=\"font-596618\"><span style=\"color: #00aeef;\">Vogal<\/span><br \/>\nRog\u00e9rio Sousa, Filipe Leite<\/span>[\/vc_column_text][vc_column_text text_lead=&#8221;small&#8221; css=&#8221;.vc_custom_1647024124350{margin-top: 20px !important;}&#8221; el_class=&#8221;ficha-tecnica&#8221;]<span class=\"font-596618\">AUDITORIUM RAMO GRANDE<\/span><\/p>\n<p><span class=\"font-596618\"><span style=\"color: #00aeef;\">Director<\/span><br \/>\nPaula Sousa<br \/>\n<\/span><span class=\"font-596618\">Vereadora da Cultura e Presidente da Cooperativa Praia Cultural <\/span><\/p>\n<p><span class=\"font-596618\"><span style=\"color: #00aeef;\">Secretary of the Councilwoman<\/span><br \/>\nL\u00eddia Godinho<\/span><\/p>\n<p><span class=\"font-596618\"><span style=\"color: #00aeef;\">Coordinator of the Department of Production and Communication<\/span><br \/>\nEvandro Machado<\/span>[\/vc_column_text][\/vc_column][vc_column column_width_percent=&#8221;100&#8243; gutter_size=&#8221;3&#8243; override_padding=&#8221;yes&#8221; column_padding=&#8221;2&#8243; overlay_alpha=&#8221;50&#8243; shift_x=&#8221;0&#8243; shift_y=&#8221;0&#8243; shift_y_down=&#8221;0&#8243; z_index=&#8221;0&#8243; medium_width=&#8221;0&#8243; mobile_width=&#8221;0&#8243; css_animation=&#8221;alpha-anim&#8221; width=&#8221;1\/4&#8243;][vc_column_text text_lead=&#8221;small&#8221; css=&#8221;.vc_custom_1647024191660{margin-top: 20px !important;}&#8221; el_class=&#8221;ficha-tecnica&#8221;]<span class=\"font-596618\">CENTRO CULTURAL E DE CONGRESSOS DE ANGRA DO HERO\u00cdSMO <\/span><\/p>\n<p><span class=\"font-596618\"><span style=\"color: #00aeef;\">Vice-Mayor of Angra do Hero\u00edsmo<\/span><br \/>\nGuido Teles<\/span><\/p>\n<p><span class=\"font-596618\"><span style=\"color: #00aeef;\">Head of Division of the Culture and Social Support Unit<\/span><br \/>\nPedro Oliveira<\/span><\/p>\n<p><span class=\"font-596618\"><span style=\"color: #00aeef;\">Projectionists<\/span><br \/>\nFernando Alves, Samuel Jesus<\/span><\/p>\n<p><span class=\"font-596618\"><span style=\"color: #00aeef;\">Show Technicians<\/span><br \/>\nJorge Silva, Samuel Jesus, Fernando Alves<\/span><\/p>\n<p><span class=\"font-596618\"><span style=\"color: #00aeef;\">Communication Office<\/span><br \/>\nRuben Ramos, Miguel Greg\u00f3rio<\/span><\/p>\n<p><span class=\"font-596618\"><span style=\"color: #00aeef;\">Responsible Film Programming Technique<\/span><br \/>\nCarina Fortuna<\/span><\/p>\n<p><span class=\"font-596618\"><span style=\"color: #00aeef;\">Ticket Technicians<\/span><br \/>\nSamuel Castro<\/span><\/p>\n<p><span class=\"font-596618\"><span style=\"color: #00aeef;\">Maintenence<\/span><br \/>\nC\u00e2mara Municipal de Angra do Hero\u00edsmo<\/span>[\/vc_column_text][\/vc_column][vc_column column_width_percent=&#8221;100&#8243; gutter_size=&#8221;4&#8243; overlay_alpha=&#8221;50&#8243; shift_x=&#8221;0&#8243; shift_y=&#8221;0&#8243; shift_y_down=&#8221;0&#8243; z_index=&#8221;0&#8243; medium_width=&#8221;0&#8243; mobile_width=&#8221;0&#8243; width=&#8221;1\/4&#8243; css=&#8221;.vc_custom_1647024458476{padding-top: 30px !important;}&#8221;][vc_column_text text_lead=&#8221;small&#8221; css=&#8221;.vc_custom_1647024395127{margin-top: 40px !important;}&#8221; el_class=&#8221;ficha-tecnica&#8221;]<span class=\"font-596618\"><span style=\"color: #00aeef;\">Production Assistants<\/span><br \/>\nMarta Meneses, Jos\u00e9 Esteves<\/span><\/p>\n<p><span class=\"font-596618\"><span style=\"color: #00aeef;\">Responsible Technician<\/span><br \/>\nJo\u00e3o Pedro Santos<\/span><\/p>\n<p><span class=\"font-596618\"><span style=\"color: #00aeef;\">Coordinator of the Department of Logistics and Artistic Projects<\/span><br \/>\nVasco Lima<\/span><\/p>\n<p><span class=\"font-596618\"><span style=\"color: #00aeef;\">Projectionist<\/span><br \/>\nPaulo Martins<\/span><\/p>\n<p><span class=\"font-596618\"><span style=\"color: #00aeef;\">Comunica\u00e7\u00e3o e Multim\u00e9dia<\/span><br \/>\nB\u00e1rbara Barcelos<\/span><\/p>\n<p><span class=\"font-596618\"><span style=\"color: #00aeef;\">Administrative and Financial Coordination<\/span><br \/>\nRodrigo Azevedo<\/span><\/p>\n<p><span class=\"font-596618\"><span style=\"color: #00aeef;\">TicketIng Coordination<\/span><br \/>\nCarlos Maciel<\/span><\/p>\n<p><span class=\"font-596618\"><span style=\"color: #00aeef;\">Maintenence<\/span><br \/>\nJos\u00e9 Manuel Borges<\/span>[\/vc_column_text][\/vc_column][\/vc_row][vc_row unlock_row_content=&#8221;yes&#8221; row_height_percent=&#8221;0&#8243; override_padding=&#8221;yes&#8221; h_padding=&#8221;2&#8243; top_padding=&#8221;0&#8243; bottom_padding=&#8221;3&#8243; back_color=&#8221;color-xsdn&#8221; overlay_alpha=&#8221;50&#8243; equal_height=&#8221;yes&#8221; gutter_size=&#8221;3&#8243; column_width_percent=&#8221;100&#8243; shift_y=&#8221;0&#8243; z_index=&#8221;0&#8243; medium_visibility=&#8221;yes&#8221; mobile_visibility=&#8221;yes&#8221; inverted_device_order=&#8221;yes&#8221; auto_height_device=&#8221;yes&#8221; css=&#8221;.vc_custom_1647014846414{border-top-width: 0px !important;}&#8221; row_name=&#8221;Apoios&#8221; el_class=&#8221;five-columns&#8221;][vc_column column_width_percent=&#8221;100&#8243; gutter_size=&#8221;4&#8243; override_padding=&#8221;yes&#8221; column_padding=&#8221;2&#8243; overlay_alpha=&#8221;50&#8243; border_style=&#8221;solid&#8221; shift_x=&#8221;0&#8243; shift_y=&#8221;0&#8243; shift_y_down=&#8221;0&#8243; z_index=&#8221;0&#8243; medium_width=&#8221;0&#8243; mobile_width=&#8221;0&#8243; css_animation=&#8221;alpha-anim&#8221; animation_delay=&#8221;200&#8243; width=&#8221;1\/1&#8243;][\/vc_column][\/vc_row][vc_row unlock_row_content=&#8221;yes&#8221; row_height_percent=&#8221;0&#8243; override_padding=&#8221;yes&#8221; h_padding=&#8221;2&#8243; top_padding=&#8221;0&#8243; bottom_padding=&#8221;3&#8243; back_color=&#8221;color-xsdn&#8221; overlay_alpha=&#8221;50&#8243; equal_height=&#8221;yes&#8221; gutter_size=&#8221;3&#8243; column_width_percent=&#8221;100&#8243; shift_y=&#8221;0&#8243; z_index=&#8221;0&#8243; desktop_visibility=&#8221;yes&#8221; css=&#8221;.vc_custom_1637317029077{border-top-width: 0px !important;}&#8221; row_name=&#8221;Apoios&#8221; el_class=&#8221;five-columns&#8221;][vc_column column_width_percent=&#8221;100&#8243; gutter_size=&#8221;4&#8243; override_padding=&#8221;yes&#8221; column_padding=&#8221;2&#8243; overlay_alpha=&#8221;50&#8243; border_style=&#8221;solid&#8221; shift_x=&#8221;0&#8243; shift_y=&#8221;0&#8243; shift_y_down=&#8221;0&#8243; z_index=&#8221;0&#8243; medium_width=&#8221;0&#8243; mobile_width=&#8221;0&#8243; css_animation=&#8221;alpha-anim&#8221; animation_delay=&#8221;200&#8243; width=&#8221;1\/1&#8243;][vc_column_text text_lead=&#8221;small&#8221; css=&#8221;.vc_custom_1647023655342{margin-top: 20px !important;}&#8221; el_class=&#8221;ficha-tecnica&#8221;]<span class=\"font-596618\" style=\"color: #00aeef;\">Programmer<\/span><\/p>\n<p><span class=\"font-596618\">Carlos Nogueira<\/span><\/p>\n<p><span class=\"font-596618\" style=\"color: #00aeef;\">Production Coordination<\/span><\/p>\n<p><span class=\"font-596618\">V\u00edtor Alves Brotas | Agency 25<\/span><\/p>\n<p><span class=\"font-596618\" style=\"color: #00aeef;\">Production<\/span><\/p>\n<p><span class=\"font-596618\">Cl\u00e9lia Luiz, Filipa da Rocha Nunes, Rui Vall\u00eara<\/span><\/p>\n<p><span class=\"font-596618\" style=\"color: #00aeef;\">Communication Coordination<\/span><\/p>\n<p><span class=\"font-596618\">In\u00eas Lampreia, Liliana Valpa\u00e7os<\/span><\/p>\n<p><span class=\"font-596618\" style=\"color: #00aeef;\">Communication<\/span><\/p>\n<p><span class=\"font-596618\">In\u00eas Braizinha, Mariana Nunes, Nuno Martins<\/span><\/p>\n<p><span class=\"font-596618\" style=\"color: #00aeef;\">Press<\/span><\/p>\n<p><span class=\"font-596618\">Nuno Martins, In\u00eas Braizinha<\/span><\/p>\n<p><span class=\"font-596618\" style=\"color: #00aeef;\">Graphic Identity<\/span><\/p>\n<p><span class=\"font-596618\">atelier-do-ver<\/span><\/p>\n<p><span class=\"font-596618\" style=\"color: #00aeef;\">Communications Design, Web Design e Video<\/span><\/p>\n<p><span class=\"font-596618\"><a href=\"https:\/\/www.wsa.pt\/\">WSA Creative Agency<\/a><\/span><\/p>\n<p><span class=\"font-596618\" style=\"color: #00aeef;\">Translation<\/span><\/p>\n<p><span class=\"font-596618\">Elsa Vieira<\/span><\/p>\n<p><span class=\"font-596618\" style=\"color: #00aeef;\">Photography<\/span><\/p>\n<p><span class=\"font-596618\">Edgardo Vieira<\/span><\/p>\n<p><span class=\"font-596618\" style=\"color: #00aeef;\">Thanks<\/span><\/p>\n<p><span class=\"font-596618\">Ant\u00f3nio Pinto Ribeiro<\/span>[\/vc_column_text][vc_column_text text_lead=&#8221;small&#8221; css=&#8221;.vc_custom_1647024061045{margin-top: 20px !important;}&#8221; el_class=&#8221;ficha-tecnica&#8221;]<span class=\"font-596618\">CINE-CLUBE DA ILHA TERCEIRA <\/span><\/p>\n<p><span class=\"font-596618\"><span style=\"color: #00aeef;\">Director<\/span><br \/>\nJorge A. Paulus Bruno &#8211; Presidente<\/span><\/p>\n<p><span class=\"font-596618\"><span style=\"color: #00aeef;\">Secretariat<\/span><br \/>\nMel\u00e2nia Pereira<\/span><\/p>\n<p><span class=\"font-596618\"><span style=\"color: #00aeef;\">Treasury<\/span><br \/>\nDiogo Ferreira<\/span><\/p>\n<p><span class=\"font-596618\"><span style=\"color: #00aeef;\">Vogal<\/span><br \/>\nRog\u00e9rio Sousa, Filipe Leite<\/span>[\/vc_column_text][vc_column_text text_lead=&#8221;small&#8221; css=&#8221;.vc_custom_1647024124350{margin-top: 20px !important;}&#8221; el_class=&#8221;ficha-tecnica&#8221;]<span class=\"font-596618\">AUDITORIUM RAMO GRANDE<\/span><\/p>\n<p><span class=\"font-596618\"><span style=\"color: #00aeef;\">Director<\/span><br \/>\nPaula Sousa<br \/>\n<\/span><span class=\"font-596618\">Vereadora da Cultura e Presidente da Cooperativa Praia Cultural <\/span><\/p>\n<p><span class=\"font-596618\"><span style=\"color: #00aeef;\">Secretary of the Councilwoman<\/span><br \/>\nL\u00eddia Godinho<\/span><\/p>\n<p><span class=\"font-596618\"><span style=\"color: #00aeef;\">Coordinator of the Department of Production and Communication<\/span><br \/>\nEvandro Machado<\/span>[\/vc_column_text][vc_column_text text_lead=&#8221;small&#8221; css=&#8221;.vc_custom_1647024191660{margin-top: 20px !important;}&#8221; el_class=&#8221;ficha-tecnica&#8221;]<span class=\"font-596618\">CENTRO CULTURAL E DE CONGRESSOS DE ANGRA DO HERO\u00cdSMO <\/span><\/p>\n<p><span class=\"font-596618\"><span style=\"color: #00aeef;\">Vice-Mayor of Angra do Hero\u00edsmo<\/span><br \/>\nGuido Teles<\/span><\/p>\n<p><span class=\"font-596618\"><span style=\"color: #00aeef;\">Head of Division of the Culture and Social Support Unit<\/span><br \/>\nPedro Oliveira<\/span><\/p>\n<p><span class=\"font-596618\"><span style=\"color: #00aeef;\">Projectionists<\/span><br \/>\nFernando Alves, Samuel Jesus<\/span><\/p>\n<p><span class=\"font-596618\"><span style=\"color: #00aeef;\">Show Technicians<\/span><br \/>\nJorge Silva, Samuel Jesus, Fernando Alves<\/span><\/p>\n<p><span class=\"font-596618\"><span style=\"color: #00aeef;\">Communication Office<\/span><br \/>\nRuben Ramos, Miguel Greg\u00f3rio<\/span><\/p>\n<p><span class=\"font-596618\"><span style=\"color: #00aeef;\">Responsible Film Programming Technique<\/span><br \/>\nCarina Fortuna<\/span><\/p>\n<p><span class=\"font-596618\"><span style=\"color: #00aeef;\">Ticket Technicians<\/span><br \/>\nSamuel Castro<\/span><\/p>\n<p><span class=\"font-596618\"><span style=\"color: #00aeef;\">Maintenence<\/span><br \/>\nC\u00e2mara Municipal de Angra do Hero\u00edsmo<\/span>[\/vc_column_text][vc_column_text text_lead=&#8221;small&#8221; css=&#8221;.vc_custom_1647024395127{margin-top: 40px !important;}&#8221; el_class=&#8221;ficha-tecnica&#8221;]<span class=\"font-596618\"><span style=\"color: #00aeef;\">Production Assistants<\/span><br \/>\nMarta Meneses, Jos\u00e9 Esteves<\/span><\/p>\n<p><span class=\"font-596618\"><span style=\"color: #00aeef;\">Responsible Technician<\/span><br \/>\nJo\u00e3o Pedro Santos<\/span><\/p>\n<p><span class=\"font-596618\"><span style=\"color: #00aeef;\">Coordinator of the Department of Logistics and Artistic Projects<\/span><br \/>\nVasco Lima<\/span><\/p>\n<p><span class=\"font-596618\"><span style=\"color: #00aeef;\">Projectionist<\/span><br \/>\nPaulo Martins<\/span><\/p>\n<p><span class=\"font-596618\"><span style=\"color: #00aeef;\">Comunica\u00e7\u00e3o e Multim\u00e9dia<\/span><br \/>\nB\u00e1rbara Barcelos<\/span><\/p>\n<p><span class=\"font-596618\"><span style=\"color: #00aeef;\">Administrative and Financial Coordination<\/span><br \/>\nRodrigo Azevedo<\/span><\/p>\n<p><span class=\"font-596618\"><span style=\"color: #00aeef;\">TicketIng Coordination<\/span><br \/>\nCarlos Maciel<\/span><\/p>\n<p><span class=\"font-596618\"><span style=\"color: #00aeef;\">Maintenence<\/span><br \/>\nJos\u00e9 Manuel Borges<\/span>[\/vc_column_text][\/vc_column][\/vc_row][vc_row unlock_row_content=&#8221;yes&#8221; row_height_percent=&#8221;6&#8243; back_color=&#8221;color-334370&#8243; overlay_alpha=&#8221;50&#8243; gutter_size=&#8221;3&#8243; column_width_percent=&#8221;100&#8243; shift_y=&#8221;0&#8243; z_index=&#8221;0&#8243;][vc_column column_width_percent=&#8221;100&#8243; gutter_size=&#8221;3&#8243; overlay_alpha=&#8221;50&#8243; shift_x=&#8221;0&#8243; shift_y=&#8221;0&#8243; shift_y_down=&#8221;0&#8243; z_index=&#8221;0&#8243; medium_width=&#8221;0&#8243; mobile_width=&#8221;0&#8243; width=&#8221;1\/4&#8243;][vc_column_text text_lead=&#8221;small&#8221;]<span class=\"font-596618\" style=\"color: #ffffff;\">Co-Production<\/span>[\/vc_column_text][vc_gallery el_id=&#8221;gallery-872867&#8243; type=&#8221;carousel&#8221; medias=&#8221;99699,100790&#8243; carousel_lg=&#8221;3&#8243; carousel_md=&#8221;3&#8243; carousel_sm=&#8221;1&#8243; gutter_size=&#8221;3&#8243; carousel_interval=&#8221;3000&#8243; carousel_navspeed=&#8221;400&#8243; stage_padding=&#8221;0&#8243; single_overlay_opacity=&#8221;50&#8243; single_padding=&#8221;2&#8243; items=&#8221;eyI5OTY5N19pIjp7InNpbmdsZV9saW5rIjoidXJsOmh0dHBzJTNBJTJGJTJGd3d3LmNpbmVtYXNhb2pvcmdlLnB0JTJGfHRhcmdldDpfYmxhbmsiLCJzaW5nbGVfbGF5b3V0X21lZGlhX2l0ZW1zIjoibWVkaWF8Y3VzdG9tX2xpbmt8b3JpZ2luYWwsaWNvbiJ9LCI5OTY5OV9pIjp7InNpbmdsZV9saW5rIjoidXJsOmh0dHBzJTNBJTJGJTJGZmxhZC5wdHx0YXJnZXQ6X2JsYW5rIn19&#8243;][\/vc_column][vc_column width=&#8221;1\/4&#8243;][vc_column_text text_lead=&#8221;small&#8221;]<span class=\"font-596618\" style=\"color: #ffffff;\">Partners<\/span>[\/vc_column_text][vc_gallery el_id=&#8221;Parceiros-logos&#8221; type=&#8221;carousel&#8221; medias=&#8221;100794,100796,100792&#8243; carousel_lg=&#8221;2&#8243; carousel_md=&#8221;2&#8243; carousel_sm=&#8221;2&#8243; gutter_size=&#8221;3&#8243; media_items=&#8221;media|custom_link|original,icon&#8221; carousel_interval=&#8221;3000&#8243; carousel_navspeed=&#8221;400&#8243; carousel_loop=&#8221;yes&#8221; stage_padding=&#8221;0&#8243; single_overlay_opacity=&#8221;50&#8243; single_padding=&#8221;2&#8243; items=&#8221;eyI5OTY5N19pIjp7InNpbmdsZV9saW5rIjoidXJsOmh0dHBzJTNBJTJGJTJGd3d3LmNpbmVtYXNhb2pvcmdlLnB0JTJGfHRhcmdldDpfYmxhbmsiLCJzaW5nbGVfbGF5b3V0X21lZGlhX2l0ZW1zIjoibWVkaWF8Y3VzdG9tX2xpbmt8b3JpZ2luYWwsaWNvbiJ9LCI5OTY5OV9pIjp7InNpbmdsZV9saW5rIjoidXJsOmh0dHBzJTNBJTJGJTJGZmxhZC5wdHx0YXJnZXQ6X2JsYW5rIn0sIjk5NzAzX2kiOnsic2luZ2xlX2xheW91dF9tZWRpYV9pdGVtcyI6Im1lZGlhfGN1c3RvbV9saW5rfG9yaWdpbmFsLGljb24iLCJzaW5nbGVfbGluayI6InVybDpodHRwcyUzQSUyRiUyRmVnZWFjLnB0JTJGfHRhcmdldDpfYmxhbmsifSwiOTk3MDFfaSI6eyJzaW5nbGVfbGluayI6InVybDpodHRwcyUzQSUyRiUyRnd3dy5iZWxhc2FydGVzLnVsaXNib2EucHQlMkZ8dGFyZ2V0Ol9ibGFuayIsInNpbmdsZV9sYXlvdXRfbWVkaWFfaXRlbXMiOiJtZWRpYXxjdXN0b21fbGlua3xvcmlnaW5hbCxpY29uIn19&#8243;][\/vc_column][vc_column width=&#8221;1\/4&#8243;][vc_column_text text_lead=&#8221;small&#8221;]<span class=\"font-596618\" style=\"color: #ffffff;\">Media Partners<\/span>[\/vc_column_text][vc_gallery el_id=&#8221;parceiros-media&#8221; type=&#8221;carousel&#8221; medias=&#8221;99713,100798&#8243; carousel_lg=&#8221;2&#8243; carousel_md=&#8221;2&#8243; carousel_sm=&#8221;2&#8243; gutter_size=&#8221;0&#8243; media_items=&#8221;media|custom_link|original,icon&#8221; carousel_interval=&#8221;3000&#8243; carousel_navspeed=&#8221;400&#8243; carousel_loop=&#8221;yes&#8221; stage_padding=&#8221;0&#8243; single_overlay_opacity=&#8221;50&#8243; single_padding=&#8221;2&#8243; items=&#8221;eyI5OTY5N19pIjp7InNpbmdsZV9saW5rIjoidXJsOmh0dHBzJTNBJTJGJTJGd3d3LmNpbmVtYXNhb2pvcmdlLnB0JTJGfHRhcmdldDpfYmxhbmsiLCJzaW5nbGVfbGF5b3V0X21lZGlhX2l0ZW1zIjoibWVkaWF8Y3VzdG9tX2xpbmt8b3JpZ2luYWwsaWNvbiJ9LCI5OTY5OV9pIjp7InNpbmdsZV9saW5rIjoidXJsOmh0dHBzJTNBJTJGJTJGZmxhZC5wdHx0YXJnZXQ6X2JsYW5rIn0sIjk5NzAzX2kiOnsic2luZ2xlX2xheW91dF9tZWRpYV9pdGVtcyI6Im1lZGlhfGN1c3RvbV9saW5rfG9yaWdpbmFsLGljb24iLCJzaW5nbGVfbGluayI6InVybDpodHRwcyUzQSUyRiUyRmVnZWFjLnB0JTJGfHRhcmdldDpfYmxhbmsifSwiOTk3MDFfaSI6eyJzaW5nbGVfbGluayI6InVybDpodHRwcyUzQSUyRiUyRnd3dy5iZWxhc2FydGVzLnVsaXNib2EucHQlMkZ8dGFyZ2V0Ol9ibGFuayIsInNpbmdsZV9sYXlvdXRfbWVkaWFfaXRlbXMiOiJtZWRpYXxjdXN0b21fbGlua3xvcmlnaW5hbCxpY29uIn0sIjk5NzE1X2kiOnsic2luZ2xlX2xpbmsiOiJ1cmw6aHR0cHMlM0ElMkYlMkZ3d3cucHVibGljby5wdCUyRnx0YXJnZXQ6X2JsYW5rIn0sIjk5NzEzX2kiOnsic2luZ2xlX2xpbmsiOiJ1cmw6aHR0cHMlM0ElMkYlMkZ3d3cucnRwLnB0JTJGYW50ZW5hMSUyRnx0YXJnZXQ6X2JsYW5rIn0sIjk5NzExX2kiOnsic2luZ2xlX2xpbmsiOiJ1cmw6aHR0cHMlM0ElMkYlMkZ3d3cucnRwLnB0JTJGYW50ZW5hMiUyRnx0YXJnZXQ6X2JsYW5rIn0sIjk5NzA5X2kiOnsic2luZ2xlX2xpbmsiOiJ1cmw6aHR0cHMlM0ElMkYlMkZ3d3cucnRwLnB0JTJGYW50ZW5hMyUyRnx0YXJnZXQ6X2JsYW5rIn19&#8243;][\/vc_column][vc_column width=&#8221;1\/4&#8243;][vc_column_text text_lead=&#8221;small&#8221;]<span class=\"font-596618\" style=\"color: #ffffff;\">Communication Support<\/span>[\/vc_column_text][vc_gallery el_id=&#8221;apoio-a-divulgacao-logos&#8221; type=&#8221;carousel&#8221; medias=&#8221;100804,100888,100886,99727,99723,99733,99725&#8243; carousel_lg=&#8221;3&#8243; carousel_md=&#8221;3&#8243; carousel_sm=&#8221;3&#8243; gutter_size=&#8221;0&#8243; media_items=&#8221;media|custom_link|original,icon&#8221; carousel_interval=&#8221;3000&#8243; carousel_navspeed=&#8221;400&#8243; carousel_loop=&#8221;yes&#8221; stage_padding=&#8221;0&#8243; single_overlay_opacity=&#8221;50&#8243; single_padding=&#8221;2&#8243; items=&#8221;eyI5OTY5N19pIjp7InNpbmdsZV9saW5rIjoidXJsOmh0dHBzJTNBJTJGJTJGd3d3LmNpbmVtYXNhb2pvcmdlLnB0JTJGfHRhcmdldDpfYmxhbmsiLCJzaW5nbGVfbGF5b3V0X21lZGlhX2l0ZW1zIjoibWVkaWF8Y3VzdG9tX2xpbmt8b3JpZ2luYWwsaWNvbiJ9LCI5OTY5OV9pIjp7InNpbmdsZV9saW5rIjoidXJsOmh0dHBzJTNBJTJGJTJGZmxhZC5wdHx0YXJnZXQ6X2JsYW5rIn0sIjk5NzAzX2kiOnsic2luZ2xlX2xheW91dF9tZWRpYV9pdGVtcyI6Im1lZGlhfGN1c3RvbV9saW5rfG9yaWdpbmFsLGljb24iLCJzaW5nbGVfbGluayI6InVybDpodHRwcyUzQSUyRiUyRmVnZWFjLnB0JTJGfHRhcmdldDpfYmxhbmsifSwiOTk3MDFfaSI6eyJzaW5nbGVfbGluayI6InVybDpodHRwcyUzQSUyRiUyRnd3dy5iZWxhc2FydGVzLnVsaXNib2EucHQlMkZ8dGFyZ2V0Ol9ibGFuayIsInNpbmdsZV9sYXlvdXRfbWVkaWFfaXRlbXMiOiJtZWRpYXxjdXN0b21fbGlua3xvcmlnaW5hbCxpY29uIn0sIjk5NzE1X2kiOnsic2luZ2xlX2xpbmsiOiJ1cmw6aHR0cHMlM0ElMkYlMkZ3d3cucHVibGljby5wdCUyRnx0YXJnZXQ6X2JsYW5rIn0sIjk5NzEzX2kiOnsic2luZ2xlX2xpbmsiOiJ1cmw6aHR0cHMlM0ElMkYlMkZ3d3cucnRwLnB0JTJGYW50ZW5hMSUyRnx0YXJnZXQ6X2JsYW5rIn0sIjk5NzExX2kiOnsic2luZ2xlX2xpbmsiOiJ1cmw6aHR0cHMlM0ElMkYlMkZ3d3cucnRwLnB0JTJGYW50ZW5hMiUyRnx0YXJnZXQ6X2JsYW5rIn0sIjk5NzA5X2kiOnsic2luZ2xlX2xpbmsiOiJ1cmw6aHR0cHMlM0ElMkYlMkZ3d3cucnRwLnB0JTJGYW50ZW5hMyUyRnx0YXJnZXQ6X2JsYW5rIn19&#8243;][\/vc_column][\/vc_row]<\/p>\n<\/div>","protected":false},"excerpt":{"rendered":"<p>[vc_row row_height_percent=&#8221;0&#8243; override_padding=&#8221;yes&#8221; h_padding=&#8221;2&#8243; top_padding=&#8221;2&#8243; bottom_padding=&#8221;2&#8243; back_color=&#8221;color-xsdn&#8221; overlay_alpha=&#8221;50&#8243; gutter_size=&#8221;0&#8243; column_width_percent=&#8221;100&#8243; shift_y=&#8221;0&#8243; z_index=&#8221;0&#8243; desktop_visibility=&#8221;yes&#8221; medium_visibility=&#8221;yes&#8221; mobile_visibility=&#8221;yes&#8221; css=&#8221;.vc_custom_1637234317240{margin-top: 0px !important;margin-bottom: 0px !important;border-top-width: [&hellip;]<\/p>\n","protected":false},"author":1,"featured_media":0,"parent":0,"menu_order":0,"comment_status":"closed","ping_status":"closed","template":"","meta":{"footnotes":"","_links_to":"","_links_to_target":""},"class_list":["post-100771","page","type-page","status-publish","hentry"],"yoast_head":"<!-- This site is optimized with the Yoast SEO plugin v26.7 - https:\/\/yoast.com\/wordpress\/plugins\/seo\/ -->\n<title>Outsiders \u2013 American Independent Cinema - FLAD<\/title>\n<meta name=\"description\" content=\"FLAD\u2019s first edition of Outsiders \u2013 American Independent Cinema aims to highlight independent American films. A co-production between Cinema S\u00e3o Jorge and FLAD, Outsiders features a selection of films by independent directors, produced in the USA between 2006 and 2020, some of which have won awards but have never been screened in Portugal before.\" \/>\n<meta name=\"robots\" content=\"index, follow, max-snippet:-1, max-image-preview:large, max-video-preview:-1\" \/>\n<link rel=\"canonical\" href=\"https:\/\/www.flad.pt\/en\/outsiders-azores-22\/\" \/>\n<meta property=\"og:locale\" content=\"en_US\" \/>\n<meta property=\"og:type\" content=\"article\" \/>\n<meta property=\"og:title\" content=\"Outsiders \u2013 American Independent Cinema \u2014 FLAD\" \/>\n<meta property=\"og:description\" content=\"FLAD\u2019s first edition of Outsiders \u2013 American Independent Cinema aims to highlight independent American films. A co-production between Cinema S\u00e3o Jorge and FLAD, Outsiders features a selection of films by independent directors, produced in the USA between 2006 and 2020, some of which have won awards but have never been screened in Portugal before.\" \/>\n<meta property=\"og:url\" content=\"https:\/\/www.flad.pt\/en\/outsiders-azores-22\/\" \/>\n<meta property=\"og:site_name\" content=\"FLAD\" \/>\n<meta property=\"article:publisher\" content=\"https:\/\/www.facebook.com\/FundacaoLusoAmericana\" \/>\n<meta property=\"article:modified_time\" content=\"2023-02-06T21:49:21+00:00\" \/>\n<meta property=\"og:image\" content=\"https:\/\/www.flad.pt\/wp-content\/uploads\/2021\/11\/outsiders-header-desktop-2.jpg\" \/>\n\t<meta property=\"og:image:width\" content=\"2480\" \/>\n\t<meta property=\"og:image:height\" content=\"1240\" \/>\n\t<meta property=\"og:image:type\" content=\"image\/jpeg\" \/>\n<meta name=\"twitter:card\" content=\"summary_large_image\" \/>\n<meta name=\"twitter:title\" content=\"Outsiders \u2013 American Independent Cinema \u2014 FLAD\" \/>\n<meta name=\"twitter:description\" content=\"FLAD\u2019s first edition of Outsiders \u2013 American Independent Cinema aims to highlight independent American films. A co-production between Cinema S\u00e3o Jorge and FLAD, Outsiders features a selection of films by independent directors, produced in the USA between 2006 and 2020, some of which have won awards but have never been screened in Portugal before.\" \/>\n<meta name=\"twitter:image\" content=\"https:\/\/www.flad.pt\/wp-content\/uploads\/2021\/11\/outsiders-header-desktop-2.jpg\" \/>\n<meta name=\"twitter:site\" content=\"@FLAD_PT\" \/>\n<meta name=\"twitter:label1\" content=\"Est. reading time\" \/>\n\t<meta name=\"twitter:data1\" content=\"23 minutes\" \/>\n<script type=\"application\/ld+json\" class=\"yoast-schema-graph\">{\"@context\":\"https:\/\/schema.org\",\"@graph\":[{\"@type\":\"WebPage\",\"@id\":\"https:\/\/www.flad.pt\/en\/outsiders-azores-22\/\",\"url\":\"https:\/\/www.flad.pt\/en\/outsiders-azores-22\/\",\"name\":\"Outsiders \u2013 American Independent Cinema - FLAD\",\"isPartOf\":{\"@id\":\"https:\/\/www.flad.pt\/en\/#website\"},\"datePublished\":\"2021-11-12T15:03:42+00:00\",\"dateModified\":\"2023-02-06T21:49:21+00:00\",\"description\":\"FLAD\u2019s first edition of Outsiders \u2013 American Independent Cinema aims to highlight independent American films. A co-production between Cinema S\u00e3o Jorge and FLAD, Outsiders features a selection of films by independent directors, produced in the USA between 2006 and 2020, some of which have won awards but have never been screened in Portugal before.\",\"breadcrumb\":{\"@id\":\"https:\/\/www.flad.pt\/en\/outsiders-azores-22\/#breadcrumb\"},\"inLanguage\":\"en-US\",\"potentialAction\":[{\"@type\":\"ReadAction\",\"target\":[\"https:\/\/www.flad.pt\/en\/outsiders-azores-22\/\"]}]},{\"@type\":\"BreadcrumbList\",\"@id\":\"https:\/\/www.flad.pt\/en\/outsiders-azores-22\/#breadcrumb\",\"itemListElement\":[{\"@type\":\"ListItem\",\"position\":1,\"name\":\"In\u00edcio\",\"item\":\"https:\/\/www.flad.pt\/en\/\"},{\"@type\":\"ListItem\",\"position\":2,\"name\":\"Outsiders \u2013 American Independent Cinema Azores 22\"}]},{\"@type\":\"WebSite\",\"@id\":\"https:\/\/www.flad.pt\/en\/#website\",\"url\":\"https:\/\/www.flad.pt\/en\/\",\"name\":\"FLAD\",\"description\":\"Funda\u00e7\u00e3o Luso-Americana para o Desenvolvimento\",\"publisher\":{\"@id\":\"https:\/\/www.flad.pt\/en\/#organization\"},\"potentialAction\":[{\"@type\":\"SearchAction\",\"target\":{\"@type\":\"EntryPoint\",\"urlTemplate\":\"https:\/\/www.flad.pt\/en\/?s={search_term_string}\"},\"query-input\":{\"@type\":\"PropertyValueSpecification\",\"valueRequired\":true,\"valueName\":\"search_term_string\"}}],\"inLanguage\":\"en-US\"},{\"@type\":\"Organization\",\"@id\":\"https:\/\/www.flad.pt\/en\/#organization\",\"name\":\"FLAD\",\"url\":\"https:\/\/www.flad.pt\/en\/\",\"logo\":{\"@type\":\"ImageObject\",\"inLanguage\":\"en-US\",\"@id\":\"https:\/\/www.flad.pt\/en\/#\/schema\/logo\/image\/\",\"url\":\"https:\/\/www.flad.pt\/wp-content\/uploads\/2019\/11\/flad_vermelho.jpg\",\"contentUrl\":\"https:\/\/www.flad.pt\/wp-content\/uploads\/2019\/11\/flad_vermelho.jpg\",\"width\":1024,\"height\":1024,\"caption\":\"FLAD\"},\"image\":{\"@id\":\"https:\/\/www.flad.pt\/en\/#\/schema\/logo\/image\/\"},\"sameAs\":[\"https:\/\/www.facebook.com\/FundacaoLusoAmericana\",\"https:\/\/x.com\/FLAD_PT\",\"https:\/\/www.linkedin.com\/company\/fundacao-luso-americana-flad-\/\",\"https:\/\/www.youtube.com\/channel\/UCzy4add3qeIFfJB4bmC9Dog\"]}]}<\/script>\n<!-- \/ Yoast SEO plugin. -->","yoast_head_json":{"title":"Outsiders \u2013 American Independent Cinema - FLAD","description":"FLAD\u2019s first edition of Outsiders \u2013 American Independent Cinema aims to highlight independent American films. A co-production between Cinema S\u00e3o Jorge and FLAD, Outsiders features a selection of films by independent directors, produced in the USA between 2006 and 2020, some of which have won awards but have never been screened in Portugal before.","robots":{"index":"index","follow":"follow","max-snippet":"max-snippet:-1","max-image-preview":"max-image-preview:large","max-video-preview":"max-video-preview:-1"},"canonical":"https:\/\/www.flad.pt\/en\/outsiders-azores-22\/","og_locale":"en_US","og_type":"article","og_title":"Outsiders \u2013 American Independent Cinema \u2014 FLAD","og_description":"FLAD\u2019s first edition of Outsiders \u2013 American Independent Cinema aims to highlight independent American films. A co-production between Cinema S\u00e3o Jorge and FLAD, Outsiders features a selection of films by independent directors, produced in the USA between 2006 and 2020, some of which have won awards but have never been screened in Portugal before.","og_url":"https:\/\/www.flad.pt\/en\/outsiders-azores-22\/","og_site_name":"FLAD","article_publisher":"https:\/\/www.facebook.com\/FundacaoLusoAmericana","article_modified_time":"2023-02-06T21:49:21+00:00","og_image":[{"width":2480,"height":1240,"url":"https:\/\/www.flad.pt\/wp-content\/uploads\/2021\/11\/outsiders-header-desktop-2.jpg","type":"image\/jpeg"}],"twitter_card":"summary_large_image","twitter_title":"Outsiders \u2013 American Independent Cinema \u2014 FLAD","twitter_description":"FLAD\u2019s first edition of Outsiders \u2013 American Independent Cinema aims to highlight independent American films. A co-production between Cinema S\u00e3o Jorge and FLAD, Outsiders features a selection of films by independent directors, produced in the USA between 2006 and 2020, some of which have won awards but have never been screened in Portugal before.","twitter_image":"https:\/\/www.flad.pt\/wp-content\/uploads\/2021\/11\/outsiders-header-desktop-2.jpg","twitter_site":"@FLAD_PT","twitter_misc":{"Est. reading time":"23 minutes"},"schema":{"@context":"https:\/\/schema.org","@graph":[{"@type":"WebPage","@id":"https:\/\/www.flad.pt\/en\/outsiders-azores-22\/","url":"https:\/\/www.flad.pt\/en\/outsiders-azores-22\/","name":"Outsiders \u2013 American Independent Cinema - FLAD","isPartOf":{"@id":"https:\/\/www.flad.pt\/en\/#website"},"datePublished":"2021-11-12T15:03:42+00:00","dateModified":"2023-02-06T21:49:21+00:00","description":"FLAD\u2019s first edition of Outsiders \u2013 American Independent Cinema aims to highlight independent American films. A co-production between Cinema S\u00e3o Jorge and FLAD, Outsiders features a selection of films by independent directors, produced in the USA between 2006 and 2020, some of which have won awards but have never been screened in Portugal before.","breadcrumb":{"@id":"https:\/\/www.flad.pt\/en\/outsiders-azores-22\/#breadcrumb"},"inLanguage":"en-US","potentialAction":[{"@type":"ReadAction","target":["https:\/\/www.flad.pt\/en\/outsiders-azores-22\/"]}]},{"@type":"BreadcrumbList","@id":"https:\/\/www.flad.pt\/en\/outsiders-azores-22\/#breadcrumb","itemListElement":[{"@type":"ListItem","position":1,"name":"In\u00edcio","item":"https:\/\/www.flad.pt\/en\/"},{"@type":"ListItem","position":2,"name":"Outsiders \u2013 American Independent Cinema Azores 22"}]},{"@type":"WebSite","@id":"https:\/\/www.flad.pt\/en\/#website","url":"https:\/\/www.flad.pt\/en\/","name":"FLAD","description":"Funda\u00e7\u00e3o Luso-Americana para o Desenvolvimento","publisher":{"@id":"https:\/\/www.flad.pt\/en\/#organization"},"potentialAction":[{"@type":"SearchAction","target":{"@type":"EntryPoint","urlTemplate":"https:\/\/www.flad.pt\/en\/?s={search_term_string}"},"query-input":{"@type":"PropertyValueSpecification","valueRequired":true,"valueName":"search_term_string"}}],"inLanguage":"en-US"},{"@type":"Organization","@id":"https:\/\/www.flad.pt\/en\/#organization","name":"FLAD","url":"https:\/\/www.flad.pt\/en\/","logo":{"@type":"ImageObject","inLanguage":"en-US","@id":"https:\/\/www.flad.pt\/en\/#\/schema\/logo\/image\/","url":"https:\/\/www.flad.pt\/wp-content\/uploads\/2019\/11\/flad_vermelho.jpg","contentUrl":"https:\/\/www.flad.pt\/wp-content\/uploads\/2019\/11\/flad_vermelho.jpg","width":1024,"height":1024,"caption":"FLAD"},"image":{"@id":"https:\/\/www.flad.pt\/en\/#\/schema\/logo\/image\/"},"sameAs":["https:\/\/www.facebook.com\/FundacaoLusoAmericana","https:\/\/x.com\/FLAD_PT","https:\/\/www.linkedin.com\/company\/fundacao-luso-americana-flad-\/","https:\/\/www.youtube.com\/channel\/UCzy4add3qeIFfJB4bmC9Dog"]}]}},"_links":{"self":[{"href":"https:\/\/www.flad.pt\/en\/wp-json\/wp\/v2\/pages\/100771","targetHints":{"allow":["GET"]}}],"collection":[{"href":"https:\/\/www.flad.pt\/en\/wp-json\/wp\/v2\/pages"}],"about":[{"href":"https:\/\/www.flad.pt\/en\/wp-json\/wp\/v2\/types\/page"}],"author":[{"embeddable":true,"href":"https:\/\/www.flad.pt\/en\/wp-json\/wp\/v2\/users\/1"}],"replies":[{"embeddable":true,"href":"https:\/\/www.flad.pt\/en\/wp-json\/wp\/v2\/comments?post=100771"}],"version-history":[{"count":0,"href":"https:\/\/www.flad.pt\/en\/wp-json\/wp\/v2\/pages\/100771\/revisions"}],"wp:attachment":[{"href":"https:\/\/www.flad.pt\/en\/wp-json\/wp\/v2\/media?parent=100771"}],"curies":[{"name":"wp","href":"https:\/\/api.w.org\/{rel}","templated":true}]}}